{"id":3,"date":"2021-07-18T04:09:33","date_gmt":"2021-07-18T04:09:33","guid":{"rendered":"https:\/\/elisaanfuso.com\/it\/?page_id=3"},"modified":"2021-10-06T16:44:54","modified_gmt":"2021-10-06T16:44:54","slug":"privacy-policy","status":"publish","type":"page","link":"https:\/\/elisaanfuso.com\/it\/privacy-policy\/","title":{"rendered":"Privacy Policy"},"content":{"rendered":"<p>[et_pb_section fb_built=&#8221;1&#8243; fullwidth=&#8221;on&#8221; _builder_version=&#8221;4.9.10&#8243; _module_preset=&#8221;default&#8221; da_disable_devices=&#8221;off|off|off&#8221; global_colors_info=&#8221;{}&#8221; da_is_popup=&#8221;off&#8221; da_exit_intent=&#8221;off&#8221; da_has_close=&#8221;on&#8221; da_alt_close=&#8221;off&#8221; da_dark_close=&#8221;off&#8221; da_not_modal=&#8221;on&#8221; da_is_singular=&#8221;off&#8221; da_with_loader=&#8221;off&#8221; da_has_shadow=&#8221;on&#8221;][\/et_pb_section][et_pb_section fb_built=&#8221;1&#8243; admin_label=&#8221;Footer Section&#8221; _builder_version=&#8221;4.9.10&#8243; background_enable_image=&#8221;off&#8221; parallax=&#8221;on&#8221; custom_padding=&#8221;4px||9px|||&#8221; da_disable_devices=&#8221;off|off|off&#8221; global_colors_info=&#8221;{}&#8221; da_is_popup=&#8221;off&#8221; da_exit_intent=&#8221;off&#8221; da_has_close=&#8221;on&#8221; da_alt_close=&#8221;off&#8221; da_dark_close=&#8221;off&#8221; da_not_modal=&#8221;on&#8221; da_is_singular=&#8221;off&#8221; da_with_loader=&#8221;off&#8221; da_has_shadow=&#8221;on&#8221;][et_pb_row _builder_version=&#8221;4.10.3&#8243; _module_preset=&#8221;default&#8221; global_colors_info=&#8221;{}&#8221;][et_pb_column type=&#8221;4_4&#8243; _builder_version=&#8221;4.10.3&#8243; _module_preset=&#8221;default&#8221; global_colors_info=&#8221;{}&#8221;][et_pb_text _builder_version=&#8221;4.10.3&#8243; _module_preset=&#8221;default&#8221; header_font=&#8221;Amatic SC||||||||&#8221; header_text_align=&#8221;center&#8221; header_font_size=&#8221;50px&#8221; global_colors_info=&#8221;{}&#8221;]<\/p>\n<h1>Privacy Policy<\/h1>\n<p>[\/et_pb_text][\/et_pb_column][\/et_pb_row][et_pb_row _builder_version=&#8221;4.10.3&#8243; _module_preset=&#8221;default&#8221; global_colors_info=&#8221;{}&#8221;][et_pb_column type=&#8221;4_4&#8243; _builder_version=&#8221;4.10.3&#8243; _module_preset=&#8221;default&#8221; global_colors_info=&#8221;{}&#8221;][et_pb_text _builder_version=&#8221;4.10.8&#8243; _module_preset=&#8221;default&#8221; global_colors_info=&#8221;{}&#8221;]<\/p>\n<p class=\"p1\"><b>INFORMATIVA PER IL TRATTAMENTO DEI DATI PERSONALI<\/b><\/p>\n<p class=\"p2\">\n<p class=\"p3\">Benvenuti sul mio sito<span class=\"s1\"> <a href=\"http:\/\/www.elisaanfuso.com\/\"><span class=\"s2\">elisaanfuso.com<\/span><\/a><\/span><span class=\"s3\"> <\/span>in seguito solo \u201cil Sito\u201d.<\/p>\n<p class=\"p3\">Ai sensi del Regolamento UE n. 2016\/679 (di seguito \u201cGDPR 2016\/679\u201d), relativo alla protezione delle persone fisiche con riguardo al trattamento dai dati personali, nonch\u00e9 del D.Lgs. n. 196\/2003, recante il \u201cCodice in materia di protezione dei dati personali\u201d, cos\u00ec come modificato dal D.Lgs. n. 101\/2018, desideriamo informarTi che i dati personali forniti formeranno oggetto di trattamento nel rispetto della normativa sopra richiamata e degli obblighi di riservatezza cui \u00e8 tenuta la Titolare del trattamento.<\/p>\n<p class=\"p2\"><b><\/b><\/p>\n<p class=\"p3\"><b>ACCETTAZIONE DELL\u2019 INFORMATIVA SULLA PRIVACY<\/b><\/p>\n<p class=\"p3\">Fornendo i Tuoi dati personali e continuando ad utilizzare il mio sito web, confermi di aver letto e compreso i termini delle informative che troverai qui di sotto. Qualora non desideri che vengano raccolte o elaborate le Tue informazioni nei modi descritti in questa informativa, non dovrai utilizzare i Servizi offerti dal Sito.<\/p>\n<p class=\"p2\"><b><\/b><\/p>\n<p class=\"p3\"><b>TITOLARE DEL TRATTAMENTO<\/b><\/p>\n<p class=\"p3\">Elisa Anfuso, \u00e8 il Titolare del Trattamento, cio\u00e8 il soggetto che decide come e perch\u00e9 trattare i Tuoi dati personali (di seguito \u201cTitolare\u201d). Per qualsiasi ulteriore informazione, e per far valere i diritti a Te riconosciuti dal Regolamento europeo, puoi contattarci scrivendo a\u00a0<a href=\"mailto:info@elisaanfuso.com\"><span class=\"s4\">info@elisaanfuso.com<\/span><\/a><\/p>\n<p class=\"p2\"><b><\/b><\/p>\n<p class=\"p3\"><b>DETTAGLI SUL TRATTAMENTO DEI DATI<\/b><\/p>\n<p class=\"p3\"><b><br \/><\/b>I\u00a0<b>dati personali generici<\/b>\u00a0forniti dagli utenti che inoltrano richieste di contatto,\u00a0<b>non sono comunicati a terzi<\/b>\u00a0e sono utilizzati al solo fine di\u00a0<b>ri-contattare l\u2019utente<\/b>\u00a0e per attivit\u00e0 di invio\u00a0<b>newsletter<\/b>\u00a0e\u00a0<b>offerte specifiche<\/b>. L\u2019Utente, compilando con i propri Dati uno dei\u00a0<b>moduli di contatto<\/b>\u00a0proposti in questo sito web acconsente al loro utilizzo per rispondere alle richieste di informazioni o di qualunque altra natura indicata dall\u2019intestazione del modulo compilato.<\/p>\n<p class=\"p2\"><b><\/b><\/p>\n<p class=\"p3\"><b>SITI WEB E SERVIZI DI TERZE PARTI<\/b><\/p>\n<p class=\"p3\">Il Sito potrebbe contenere collegamenti ad altri siti web, che dispongono di una propria informativa sulla privacy, che pu\u00f2 essere diversa da quella adottata dal Titolare. Pertanto, quest\u2019ultimo non risponde della navigazione e dell\u2019utilizzo di detti siti, n\u00e9 pu\u00f2 essere considerato responsabile delle regole adottate da questi siti in materia di trattamento dei dati personali dell\u2019utente durante la navigazione. Con tali collegamenti, inoltre, si esce volontariamente dal Sito, che non \u00e8 responsabile del contenuto di siti e pagine accessibili tramite link che non sono sotto il suo controllo.<\/p>\n<p class=\"p3\">Nel caso in cui sia installato un servizio di questo tipo, \u00e8 peraltro possibile che lo stesso raccolga dati di traffico relativi alle pagine in cui \u00e8 installato.<\/p>\n<p class=\"p2\">\n<p class=\"p3\">Sul Sito troverete i seguenti collegamenti:<\/p>\n<p class=\"p3\">\u2013 Facebook: \u00e8 un servizio di interazione con il social network Facebook, fornito da Facebook Inc.<br \/>Dati personali raccolti: Cookie e dati di utilizzo.<\/p>\n<p class=\"p3\">Luogo del trattamento: Usa (<a href=\"https:\/\/www.facebook.com\/about\/privacy\/update?ref=old_policy\"><span class=\"s4\">https:\/\/www.facebook.com\/about\/privacy\/update?ref=old_policy<\/span><\/a>).<br \/>\u2013 Instagram: \u00e8 un servizio di interazione con il social network Instagram, fornito da Instagram LLC.<br \/>Dati personali raccolti: Cookie e dati di utilizzo.<\/p>\n<p class=\"p3\">Luogo del trattamento: Usa (<a href=\"https:\/\/help.instagram.com\/519522125107875?helpref=page_content\">https:\/\/help.instagram.com\/519522125107875?helpref=page_content<\/a>).<\/p>\n<p class=\"p2\">\n<p class=\"p3\"><b>LUOGO DI TRATTAMENTO DEI DATI<\/b><\/p>\n<p class=\"p3\"><b><br \/><\/b>I Dati sono trattati presso le sedi operative del Titolare ed in ogni altro luogo in cui le parti coinvolte nel trattamento siano localizzate. I Dati Personali dell\u2019Utente potrebbero essere trasferiti in un paese diverso da quello in cui l\u2019Utente si trova. Per ulteriori informazioni contattare il titolare del trattamento.\u00a0L\u2019Utente ha diritto a ottenere informazioni in merito alla base giuridica del trasferimento di Dati, nonch\u00e9 in merito alle misure di sicurezza adottate dal Titolare per la loro protezione.<\/p>\n<p class=\"p2\"><b><\/b><\/p>\n<p class=\"p3\"><b>PERIODO DI CONSERVAZIONE<\/b><\/p>\n<p class=\"p3\"><b><br \/><\/b>I Dati sono trattati e conservati per il tempo richiesto dalle finalit\u00e0 per le quali sono stati raccolti.\u00a0Quando il trattamento \u00e8 basato sul consenso dell\u2019Utente, il Titolare pu\u00f2 conservare i Dati Personali pi\u00f9 a lungo sino a quando detto consenso non venga revocato.\u00a0Al termine del periodo di conservazioni i Dati Personali saranno cancellati. Allo spirare di tale termine il diritto di accesso, cancellazione, rettificazione e portabilit\u00e0 dei Dati non potranno pi\u00f9 essere esercitati.<\/p>\n<p class=\"p2\"><b><\/b><\/p>\n<p class=\"p3\"><b>CONFERIMENTO DEI DATI<\/b><\/p>\n<p class=\"p3\"><b><br \/><\/b>L\u2019utente \u00e8 libero di fornire i dati personali riportati nei moduli di richiesta,\u00a0Il mancato conferimento pu\u00f2 comportare l\u2019impossibilit\u00e0 di ottenere quanto richiesto.\u00a0L\u2019invio facoltativo, esplicito e volontario di posta elettronica agli indirizzi indicati su questo sito comporta la successiva acquisizione dell\u2019indirizzo del mittente, necessario per rispondere alle richieste, nonch\u00e9 degli eventuali altri dati personali inseriti nella missiva.\u00a0L\u2019Utente pu\u00f2 sempre chiedere l\u2019interruzione del Trattamento o la cancellazione dei Dati.<\/p>\n<p class=\"p2\"><b><\/b><\/p>\n<p class=\"p3\"><b>DIRITTI DEGLI INTERESSATI<\/b><\/p>\n<p class=\"p3\"><b><br \/><\/b>I soggetti interessati hanno il diritto in qualunque momento di ottenere la conferma dell\u2019esistenza o meno dei medesimi dati e di conoscerne il contenuto e l\u2019origine, verificarne l\u2019esattezza o chiederne l\u2019integrazione o l\u2019aggiornamento, oppure di chiedere la cancellazione, la trasformazione in forma anonima o il blocco dei dati trattati in violazione di legge, nonch\u00e9 di opporsi in ogni caso, per motivi legittimi, al loro trattamento.<\/p>\n<p class=\"p3\"><b>In qualit\u00e0 di interessato potrai esercitare i diritti di cui agli art. da 16 a 22 del Regolamento EU 679\/16<\/b><\/p>\n<p class=\"p2\"><b><\/b><\/p>\n<p class=\"p3\"><b>CONSULTA\u00a0I TESTI PUBBLICATI SULLA GAZZETTA UFFICIALE UE<\/b><\/p>\n<p class=\"p3\"><b><br \/><\/b><a href=\"http:\/\/eur-lex.europa.eu\/legal-content\/IT\/TXT\/?uri=uriserv:OJ.L_.2016.119.01.0001.01.ITA&amp;toc=OJ:L:2016:119:TOC\">Regolamento (UE) 2016\/679 del Parlamento europeo e del Consiglio, del 27 aprile 2016, relativo alla protezione delle persone fisiche con riguardo al trattamento dei dati personali, nonch\u00e9 alla libera circolazione di tali dati e che abroga la direttiva 95\/46\/CE (regolamento generale sulla protezione dei dati)\u00a0<\/a><\/p>\n<p class=\"p4\">[\/et_pb_text][\/et_pb_column][\/et_pb_row][\/et_pb_section][et_pb_section fb_built=&#8221;1&#8243; fullwidth=&#8221;on&#8221; _builder_version=&#8221;4.9.10&#8243; _module_preset=&#8221;default&#8221; da_disable_devices=&#8221;off|off|off&#8221; global_colors_info=&#8221;{}&#8221; da_is_popup=&#8221;off&#8221; da_exit_intent=&#8221;off&#8221; da_has_close=&#8221;on&#8221; da_alt_close=&#8221;off&#8221; da_dark_close=&#8221;off&#8221; da_not_modal=&#8221;on&#8221; da_is_singular=&#8221;off&#8221; da_with_loader=&#8221;off&#8221; da_has_shadow=&#8221;on&#8221;][et_pb_fullwidth_image src=&#8221;https:\/\/elisaanfuso.com\/it\/wp-content\/uploads\/2021\/08\/dis2-pag-contact.png&#8221; title_text=&#8221;dis2 pag contact&#8221; _builder_version=&#8221;4.10.3&#8243; _module_preset=&#8221;default&#8221; global_colors_info=&#8221;{}&#8221;][\/et_pb_fullwidth_image][\/et_pb_section]<\/p>\n","protected":false},"excerpt":{"rendered":"<p>Privacy PolicyINFORMATIVA PER IL TRATTAMENTO DEI DATI PERSONALI Benvenuti sul mio sito elisaanfuso.com in seguito solo \u201cil Sito\u201d. Ai sensi del Regolamento UE n. 2016\/679 (di seguito \u201cGDPR 2016\/679\u201d), relativo alla protezione delle persone fisiche con riguardo al trattamento dai dati personali, nonch\u00e9 del D.Lgs. n. 196\/2003, recante il \u201cCodice in materia di protezione dei [&hellip;]<\/p>\n","protected":false},"author":1,"featured_media":0,"parent":0,"menu_order":0,"comment_status":"closed","ping_status":"open","template":"","meta":{"_et_pb_use_builder":"on","_et_pb_old_content":"<!-- wp:heading -->\n<h2>Who we are<\/h2>\n<!-- \/wp:heading -->\n\n<!-- wp:paragraph -->\n<p><strong class=\"privacy-policy-tutorial\">Suggested text: <\/strong>Our website address is: https:\/\/elisaanfuso.com\/it.<\/p>\n<!-- \/wp:paragraph -->\n\n<!-- wp:heading -->\n<h2>Comments<\/h2>\n<!-- \/wp:heading -->\n\n<!-- wp:paragraph -->\n<p><strong class=\"privacy-policy-tutorial\">Suggested text: <\/strong>When visitors leave comments on the site we collect the data shown in the comments form, and also the visitor\u2019s IP address and browser user agent string to help spam detection.<\/p>\n<!-- \/wp:paragraph -->\n\n<!-- wp:paragraph -->\n<p>An anonymized string created from your email address (also called a hash) may be provided to the Gravatar service to see if you are using it. The Gravatar service privacy policy is available here: https:\/\/automattic.com\/privacy\/. After approval of your comment, your profile picture is visible to the public in the context of your comment.<\/p>\n<!-- \/wp:paragraph -->\n\n<!-- wp:heading -->\n<h2>Media<\/h2>\n<!-- \/wp:heading -->\n\n<!-- wp:paragraph -->\n<p><strong class=\"privacy-policy-tutorial\">Suggested text: <\/strong>If you upload images to the website, you should avoid uploading images with embedded location data (EXIF GPS) included. Visitors to the website can download and extract any location data from images on the website.<\/p>\n<!-- \/wp:paragraph -->\n\n<!-- wp:heading -->\n<h2>Cookies<\/h2>\n<!-- \/wp:heading -->\n\n<!-- wp:paragraph -->\n<p><strong class=\"privacy-policy-tutorial\">Suggested text: <\/strong>If you leave a comment on our site you may opt-in to saving your name, email address and website in cookies. These are for your convenience so that you do not have to fill in your details again when you leave another comment. These cookies will last for one year.<\/p>\n<!-- \/wp:paragraph -->\n\n<!-- wp:paragraph -->\n<p>If you visit our login page, we will set a temporary cookie to determine if your browser accepts cookies. This cookie contains no personal data and is discarded when you close your browser.<\/p>\n<!-- \/wp:paragraph -->\n\n<!-- wp:paragraph -->\n<p>When you log in, we will also set up several cookies to save your login information and your screen display choices. Login cookies last for two days, and screen options cookies last for a year. If you select \"Remember Me\", your login will persist for two weeks. If you log out of your account, the login cookies will be removed.<\/p>\n<!-- \/wp:paragraph -->\n\n<!-- wp:paragraph -->\n<p>If you edit or publish an article, an additional cookie will be saved in your browser. This cookie includes no personal data and simply indicates the post ID of the article you just edited. It expires after 1 day.<\/p>\n<!-- \/wp:paragraph -->\n\n<!-- wp:heading -->\n<h2>Embedded content from other websites<\/h2>\n<!-- \/wp:heading -->\n\n<!-- wp:paragraph -->\n<p><strong class=\"privacy-policy-tutorial\">Suggested text: <\/strong>Articles on this site may include embedded content (e.g. videos, images, articles, etc.). Embedded content from other websites behaves in the exact same way as if the visitor has visited the other website.<\/p>\n<!-- \/wp:paragraph -->\n\n<!-- wp:paragraph -->\n<p>These websites may collect data about you, use cookies, embed additional third-party tracking, and monitor your interaction with that embedded content, including tracking your interaction with the embedded content if you have an account and are logged in to that website.<\/p>\n<!-- \/wp:paragraph -->\n\n<!-- wp:heading -->\n<h2>Who we share your data with<\/h2>\n<!-- \/wp:heading -->\n\n<!-- wp:paragraph -->\n<p><strong class=\"privacy-policy-tutorial\">Suggested text: <\/strong>If you request a password reset, your IP address will be included in the reset email.<\/p>\n<!-- \/wp:paragraph -->\n\n<!-- wp:heading -->\n<h2>How long we retain your data<\/h2>\n<!-- \/wp:heading -->\n\n<!-- wp:paragraph -->\n<p><strong class=\"privacy-policy-tutorial\">Suggested text: <\/strong>If you leave a comment, the comment and its metadata are retained indefinitely. This is so we can recognize and approve any follow-up comments automatically instead of holding them in a moderation queue.<\/p>\n<!-- \/wp:paragraph -->\n\n<!-- wp:paragraph -->\n<p>For users that register on our website (if any), we also store the personal information they provide in their user profile. All users can see, edit, or delete their personal information at any time (except they cannot change their username). Website administrators can also see and edit that information.<\/p>\n<!-- \/wp:paragraph -->\n\n<!-- wp:heading -->\n<h2>What rights you have over your data<\/h2>\n<!-- \/wp:heading -->\n\n<!-- wp:paragraph -->\n<p><strong class=\"privacy-policy-tutorial\">Suggested text: <\/strong>If you have an account on this site, or have left comments, you can request to receive an exported file of the personal data we hold about you, including any data you have provided to us. You can also request that we erase any personal data we hold about you. This does not include any data we are obliged to keep for administrative, legal, or security purposes.<\/p>\n<!-- \/wp:paragraph -->\n\n<!-- wp:heading -->\n<h2>Where we send your data<\/h2>\n<!-- \/wp:heading -->\n\n<!-- wp:paragraph -->\n<p><strong class=\"privacy-policy-tutorial\">Suggested text: <\/strong>Visitor comments may be checked through an automated spam detection service.<\/p>\n<!-- \/wp:paragraph -->","_et_gb_content_width":"","footnotes":""},"class_list":["post-3","page","type-page","status-publish","hentry"],"yoast_head":"<!-- This site is optimized with the Yoast SEO plugin v24.8 - https:\/\/yoast.com\/wordpress\/plugins\/seo\/ -->\n<title>Privacy Policy - Elisa Anfuso<\/title>\n<meta name=\"robots\" content=\"index, follow, max-snippet:-1, max-image-preview:large, max-video-preview:-1\" \/>\n<link rel=\"canonical\" href=\"https:\/\/elisaanfuso.com\/it\/privacy-policy\/\" \/>\n<meta property=\"og:locale\" content=\"it_IT\" \/>\n<meta property=\"og:type\" content=\"article\" \/>\n<meta property=\"og:title\" content=\"Privacy Policy - Elisa Anfuso\" \/>\n<meta property=\"og:description\" content=\"Privacy PolicyINFORMATIVA PER IL TRATTAMENTO DEI DATI PERSONALI Benvenuti sul mio sito elisaanfuso.com in seguito solo \u201cil Sito\u201d. Ai sensi del Regolamento UE n. 2016\/679 (di seguito \u201cGDPR 2016\/679\u201d), relativo alla protezione delle persone fisiche con riguardo al trattamento dai dati personali, nonch\u00e9 del D.Lgs. n. 196\/2003, recante il \u201cCodice in materia di protezione dei [&hellip;]\" \/>\n<meta property=\"og:url\" content=\"https:\/\/elisaanfuso.com\/it\/privacy-policy\/\" \/>\n<meta property=\"og:site_name\" content=\"Elisa Anfuso\" \/>\n<meta property=\"article:publisher\" content=\"https:\/\/www.facebook.com\/elisa.anfuso.3\" \/>\n<meta property=\"article:modified_time\" content=\"2021-10-06T16:44:54+00:00\" \/>\n<meta name=\"twitter:card\" content=\"summary_large_image\" \/>\n<meta name=\"twitter:label1\" content=\"Tempo di lettura stimato\" \/>\n\t<meta name=\"twitter:data1\" content=\"6 minuti\" \/>\n<script type=\"application\/ld+json\" class=\"yoast-schema-graph\">{\"@context\":\"https:\/\/schema.org\",\"@graph\":[{\"@type\":\"WebPage\",\"@id\":\"https:\/\/elisaanfuso.com\/it\/privacy-policy\/\",\"url\":\"https:\/\/elisaanfuso.com\/it\/privacy-policy\/\",\"name\":\"Privacy Policy - Elisa Anfuso\",\"isPartOf\":{\"@id\":\"https:\/\/elisaanfuso.com\/it\/#website\"},\"datePublished\":\"2021-07-18T04:09:33+00:00\",\"dateModified\":\"2021-10-06T16:44:54+00:00\",\"breadcrumb\":{\"@id\":\"https:\/\/elisaanfuso.com\/it\/privacy-policy\/#breadcrumb\"},\"inLanguage\":\"it-IT\",\"potentialAction\":[{\"@type\":\"ReadAction\",\"target\":[\"https:\/\/elisaanfuso.com\/it\/privacy-policy\/\"]}]},{\"@type\":\"BreadcrumbList\",\"@id\":\"https:\/\/elisaanfuso.com\/it\/privacy-policy\/#breadcrumb\",\"itemListElement\":[{\"@type\":\"ListItem\",\"position\":1,\"name\":\"Home\",\"item\":\"https:\/\/elisaanfuso.com\/it\/\"},{\"@type\":\"ListItem\",\"position\":2,\"name\":\"Privacy Policy\"}]},{\"@type\":\"WebSite\",\"@id\":\"https:\/\/elisaanfuso.com\/it\/#website\",\"url\":\"https:\/\/elisaanfuso.com\/it\/\",\"name\":\"Elisa Anfuso\",\"description\":\"\",\"publisher\":{\"@id\":\"https:\/\/elisaanfuso.com\/it\/#organization\"},\"potentialAction\":[{\"@type\":\"SearchAction\",\"target\":{\"@type\":\"EntryPoint\",\"urlTemplate\":\"https:\/\/elisaanfuso.com\/it\/?s={search_term_string}\"},\"query-input\":{\"@type\":\"PropertyValueSpecification\",\"valueRequired\":true,\"valueName\":\"search_term_string\"}}],\"inLanguage\":\"it-IT\"},{\"@type\":\"Organization\",\"@id\":\"https:\/\/elisaanfuso.com\/it\/#organization\",\"name\":\"Elisa Anfuso\",\"url\":\"https:\/\/elisaanfuso.com\/it\/\",\"logo\":{\"@type\":\"ImageObject\",\"inLanguage\":\"it-IT\",\"@id\":\"https:\/\/elisaanfuso.com\/it\/#\/schema\/logo\/image\/\",\"url\":\"https:\/\/elisaanfuso.com\/it\/wp-content\/uploads\/2021\/08\/elisa-anfuso.jpg\",\"contentUrl\":\"https:\/\/elisaanfuso.com\/it\/wp-content\/uploads\/2021\/08\/elisa-anfuso.jpg\",\"width\":890,\"height\":492,\"caption\":\"Elisa Anfuso\"},\"image\":{\"@id\":\"https:\/\/elisaanfuso.com\/it\/#\/schema\/logo\/image\/\"},\"sameAs\":[\"https:\/\/www.facebook.com\/elisa.anfuso.3\",\"https:\/\/www.instagram.com\/elisa_anfuso\/\"]}]}<\/script>\n<!-- \/ Yoast SEO plugin. -->","yoast_head_json":{"title":"Privacy Policy - Elisa Anfuso","robots":{"index":"index","follow":"follow","max-snippet":"max-snippet:-1","max-image-preview":"max-image-preview:large","max-video-preview":"max-video-preview:-1"},"canonical":"https:\/\/elisaanfuso.com\/it\/privacy-policy\/","og_locale":"it_IT","og_type":"article","og_title":"Privacy Policy - Elisa Anfuso","og_description":"Privacy PolicyINFORMATIVA PER IL TRATTAMENTO DEI DATI PERSONALI Benvenuti sul mio sito elisaanfuso.com in seguito solo \u201cil Sito\u201d. Ai sensi del Regolamento UE n. 2016\/679 (di seguito \u201cGDPR 2016\/679\u201d), relativo alla protezione delle persone fisiche con riguardo al trattamento dai dati personali, nonch\u00e9 del D.Lgs. n. 196\/2003, recante il \u201cCodice in materia di protezione dei [&hellip;]","og_url":"https:\/\/elisaanfuso.com\/it\/privacy-policy\/","og_site_name":"Elisa Anfuso","article_publisher":"https:\/\/www.facebook.com\/elisa.anfuso.3","article_modified_time":"2021-10-06T16:44:54+00:00","twitter_card":"summary_large_image","twitter_misc":{"Tempo di lettura stimato":"6 minuti"},"schema":{"@context":"https:\/\/schema.org","@graph":[{"@type":"WebPage","@id":"https:\/\/elisaanfuso.com\/it\/privacy-policy\/","url":"https:\/\/elisaanfuso.com\/it\/privacy-policy\/","name":"Privacy Policy - Elisa Anfuso","isPartOf":{"@id":"https:\/\/elisaanfuso.com\/it\/#website"},"datePublished":"2021-07-18T04:09:33+00:00","dateModified":"2021-10-06T16:44:54+00:00","breadcrumb":{"@id":"https:\/\/elisaanfuso.com\/it\/privacy-policy\/#breadcrumb"},"inLanguage":"it-IT","potentialAction":[{"@type":"ReadAction","target":["https:\/\/elisaanfuso.com\/it\/privacy-policy\/"]}]},{"@type":"BreadcrumbList","@id":"https:\/\/elisaanfuso.com\/it\/privacy-policy\/#breadcrumb","itemListElement":[{"@type":"ListItem","position":1,"name":"Home","item":"https:\/\/elisaanfuso.com\/it\/"},{"@type":"ListItem","position":2,"name":"Privacy Policy"}]},{"@type":"WebSite","@id":"https:\/\/elisaanfuso.com\/it\/#website","url":"https:\/\/elisaanfuso.com\/it\/","name":"Elisa Anfuso","description":"","publisher":{"@id":"https:\/\/elisaanfuso.com\/it\/#organization"},"potentialAction":[{"@type":"SearchAction","target":{"@type":"EntryPoint","urlTemplate":"https:\/\/elisaanfuso.com\/it\/?s={search_term_string}"},"query-input":{"@type":"PropertyValueSpecification","valueRequired":true,"valueName":"search_term_string"}}],"inLanguage":"it-IT"},{"@type":"Organization","@id":"https:\/\/elisaanfuso.com\/it\/#organization","name":"Elisa Anfuso","url":"https:\/\/elisaanfuso.com\/it\/","logo":{"@type":"ImageObject","inLanguage":"it-IT","@id":"https:\/\/elisaanfuso.com\/it\/#\/schema\/logo\/image\/","url":"https:\/\/elisaanfuso.com\/it\/wp-content\/uploads\/2021\/08\/elisa-anfuso.jpg","contentUrl":"https:\/\/elisaanfuso.com\/it\/wp-content\/uploads\/2021\/08\/elisa-anfuso.jpg","width":890,"height":492,"caption":"Elisa Anfuso"},"image":{"@id":"https:\/\/elisaanfuso.com\/it\/#\/schema\/logo\/image\/"},"sameAs":["https:\/\/www.facebook.com\/elisa.anfuso.3","https:\/\/www.instagram.com\/elisa_anfuso\/"]}]}},"_links":{"self":[{"href":"https:\/\/elisaanfuso.com\/it\/wp-json\/wp\/v2\/pages\/3","targetHints":{"allow":["GET"]}}],"collection":[{"href":"https:\/\/elisaanfuso.com\/it\/wp-json\/wp\/v2\/pages"}],"about":[{"href":"https:\/\/elisaanfuso.com\/it\/wp-json\/wp\/v2\/types\/page"}],"author":[{"embeddable":true,"href":"https:\/\/elisaanfuso.com\/it\/wp-json\/wp\/v2\/users\/1"}],"replies":[{"embeddable":true,"href":"https:\/\/elisaanfuso.com\/it\/wp-json\/wp\/v2\/comments?post=3"}],"version-history":[{"count":4,"href":"https:\/\/elisaanfuso.com\/it\/wp-json\/wp\/v2\/pages\/3\/revisions"}],"predecessor-version":[{"id":2443,"href":"https:\/\/elisaanfuso.com\/it\/wp-json\/wp\/v2\/pages\/3\/revisions\/2443"}],"wp:attachment":[{"href":"https:\/\/elisaanfuso.com\/it\/wp-json\/wp\/v2\/media?parent=3"}],"curies":[{"name":"wp","href":"https:\/\/api.w.org\/{rel}","templated":true}]}}