{"id":514,"date":"2021-07-25T17:09:08","date_gmt":"2021-07-25T17:09:08","guid":{"rendered":"https:\/\/elisaanfuso.com\/it\/?page_id=514"},"modified":"2021-10-12T20:47:52","modified_gmt":"2021-10-12T20:47:52","slug":"critics","status":"publish","type":"page","link":"https:\/\/elisaanfuso.com\/it\/critics\/","title":{"rendered":"Critics"},"content":{"rendered":"<p>[et_pb_section fb_built=&#8221;1&#8243; fullwidth=&#8221;on&#8221; admin_label=&#8221;Section&#8221; _builder_version=&#8221;4.10.5&#8243; _module_preset=&#8221;default&#8221; global_colors_info=&#8221;{}&#8221;][et_pb_fullwidth_image src=&#8221;https:\/\/elisaanfuso.com\/it\/wp-content\/uploads\/2021\/07\/83780281_490950071624864_5474145370206371840_n-scaled.jpg&#8221; title_text=&#8221;Il volo&#8221; _builder_version=&#8221;4.10.5&#8243; _module_preset=&#8221;default&#8221; global_colors_info=&#8221;{}&#8221;][\/et_pb_fullwidth_image][\/et_pb_section][et_pb_section fb_built=&#8221;1&#8243; admin_label=&#8221;Section&#8221; _builder_version=&#8221;4.10.5&#8243; _module_preset=&#8221;default&#8221; global_colors_info=&#8221;{}&#8221;][et_pb_row _builder_version=&#8221;4.10.5&#8243; _module_preset=&#8221;default&#8221; global_colors_info=&#8221;{}&#8221;][et_pb_column type=&#8221;4_4&#8243; _builder_version=&#8221;4.10.5&#8243; _module_preset=&#8221;default&#8221; global_colors_info=&#8221;{}&#8221;][et_pb_text _builder_version=&#8221;4.10.8&#8243; _module_preset=&#8221;default&#8221; header_font=&#8221;Amatic SC||||||||&#8221; header_font_size=&#8221;50px&#8221; animation_style=&#8221;fade&#8221; animation_delay=&#8221;100ms&#8221; animation_starting_opacity=&#8221;2%&#8221; global_colors_info=&#8221;{}&#8221;]<\/p>\n<h1 style=\"text-align: center;\"><span style=\"color: #333333;\">Critics<\/span><\/h1>\n<p>[\/et_pb_text][\/et_pb_column][\/et_pb_row][\/et_pb_section][et_pb_section fb_built=&#8221;1&#8243; admin_label=&#8221;Section&#8221; _builder_version=&#8221;4.9.10&#8243; _module_preset=&#8221;default&#8221; global_colors_info=&#8221;{}&#8221;][et_pb_row column_structure=&#8221;1_2,1_2&#8243; _builder_version=&#8221;4.9.10&#8243; _module_preset=&#8221;default&#8221; global_colors_info=&#8221;{}&#8221;][et_pb_column type=&#8221;1_2&#8243; _builder_version=&#8221;4.9.10&#8243; _module_preset=&#8221;default&#8221; global_colors_info=&#8221;{}&#8221;][et_pb_text _builder_version=&#8221;4.10.3&#8243; _module_preset=&#8221;default&#8221; global_colors_info=&#8221;{}&#8221;]<\/p>\n<p class=\"font_8\"><span><\/span><\/p>\n<p class=\"font_8\" style=\"text-align: justify;\"><span>EYES WIDE SHUT<\/span><\/p>\n<p class=\"font_8\" style=\"text-align: justify;\"><span>Angelo Crespi<\/span><\/p>\n<p class=\"font_8\"><span><span class=\"wixGuard\">\u200b<\/span><\/span><\/p>\n<p class=\"font_8\"><span><span class=\"wixGuard\">\u200b<\/span><\/span><\/p>\n<p class=\"font_8\" style=\"text-align: justify;\">E\u0300 come se la quotidianita\u0300, per mezzo della fantasia, venisse trasformata assumendo in parte i caratteri dello stravagante, non pero\u0300 dell\u2019impossibile, e questa trasfigurazione procede per accumulazione di simboli (l\u2019uovo, gli uccel- lini, i ori, le ciliegie&#8230;), no ad assumere le atmosfere di una pittura simbolista.<\/p>\n<p class=\"font_8\" style=\"text-align: justify;\">Anche il colore asseconda questa connotazione simbolica, dal bianco al rosso, dall\u2019albedo alla rubedo, senza passare per l\u2019inquietudine fosca della nigredo, si compie il percorso alchemico dell\u2019Anfuso fino alla \u201csublimazione\u201d che, se in chimica e\u0300 un\u2019elevazione in forma aeriforme, in psicoanalisi e\u0300 la trasformazione degli impulsi primitivi, cosi\u0300 che una pulsione sessuale aggressiva &#8211; spiegherebbe Freud &#8211; viene normalizzata verso una meta non sessuale o non aggressiva.<\/p>\n<p class=\"font_8\" style=\"text-align: justify;\"><span class=\"wixGuard\">\u200b<\/span><\/p>\n<p>[\/et_pb_text][et_pb_button button_url=&#8221;#dipiu&#8221; button_text=&#8221;Leggi ancora&#8221; _builder_version=&#8221;4.10.5&#8243; _module_preset=&#8221;default&#8221; custom_button=&#8221;on&#8221; button_text_size=&#8221;14px&#8221; button_text_color=&#8221;#FFFFFF&#8221; button_bg_color=&#8221;#E02B20&#8243; button_border_color=&#8221;#FFFFFF&#8221; button_font=&#8221;||on||||||&#8221; global_colors_info=&#8221;{}&#8221;][\/et_pb_button][\/et_pb_column][et_pb_column type=&#8221;1_2&#8243; _builder_version=&#8221;4.9.10&#8243; _module_preset=&#8221;default&#8221; global_colors_info=&#8221;{}&#8221;][et_pb_image src=&#8221;https:\/\/elisaanfuso.com\/it\/wp-content\/uploads\/2021\/07\/MAGA-Mostra-Elisa-Anfuso-Catalogo-24&#215;30-1-9-1.png&#8221; title_text=&#8221;MAGA &#8211; Mostra Elisa Anfuso &#8211; Catalogo 24&#215;30 &#8211; 1-9-1&#8243; _builder_version=&#8221;4.9.10&#8243; _module_preset=&#8221;default&#8221; global_colors_info=&#8221;{}&#8221;][\/et_pb_image][\/et_pb_column][\/et_pb_row][et_pb_row column_structure=&#8221;1_2,1_2&#8243; _builder_version=&#8221;4.9.10&#8243; _module_preset=&#8221;default&#8221; global_colors_info=&#8221;{}&#8221;][et_pb_column type=&#8221;1_2&#8243; _builder_version=&#8221;4.9.10&#8243; _module_preset=&#8221;default&#8221; global_colors_info=&#8221;{}&#8221;][et_pb_text _builder_version=&#8221;4.10.3&#8243; _module_preset=&#8221;default&#8221; global_colors_info=&#8221;{}&#8221;]<\/p>\n<p class=\"font_8\"><span><strong><\/strong><\/span><\/p>\n<p class=\"font_8\"><span><strong><\/strong><\/span><\/p>\n<p class=\"font_8\"><span><strong><\/strong><\/span><\/p>\n<p class=\"font_8\"><span><strong><\/strong><\/span><\/p>\n<p class=\"font_8\"><span><strong><\/strong><\/span><\/p>\n<p class=\"font_8\"><span><strong><\/strong><\/span><\/p>\n<p class=\"font_8\"><span><strong><\/strong><\/span><\/p>\n<p class=\"font_8\" style=\"text-align: justify;\"><span><strong>LA CADUTA DI EVA<\/strong><\/span><\/p>\n<p class=\"font_8\" style=\"text-align: justify;\"><span><em>Antonio Casaburi<\/em><\/span><\/p>\n<p class=\"font_8\" style=\"text-align: justify;\"><span>Eva \u00e8 insieme vittima e carnefice. Non \u00e8 sedotta dal serpente poich\u00e9 il serpente \u00e8 ella stessa. La corruzione non \u00e8 nell\u2019oggetto del desiderio ma nel corpo di colei che quell\u2019oggetto cerca, accumula e divora in maniera bulimica. Il peccato trova forma nel non saper vivere, nel non saper scegliere di farlo, nel non sapersi opporre a s\u00e9. Vestita di un\u2019infanzia mai assaporata, Eva si coniuga in varianti di \u201cfragili creature spietate\u201d, in guerra contro se stesse, non per se stesse.<\/span><\/p>\n<p>[\/et_pb_text][et_pb_button button_url=&#8221;#dipiu&#8221; button_text=&#8221;Leggi ancora&#8221; _builder_version=&#8221;4.10.5&#8243; _module_preset=&#8221;default&#8221; custom_button=&#8221;on&#8221; button_text_size=&#8221;14px&#8221; button_text_color=&#8221;#FFFFFF&#8221; button_bg_color=&#8221;#E02B20&#8243; button_border_color=&#8221;#FFFFFF&#8221; button_font=&#8221;||on||||||&#8221; global_colors_info=&#8221;{}&#8221;][\/et_pb_button][\/et_pb_column][et_pb_column type=&#8221;1_2&#8243; _builder_version=&#8221;4.9.10&#8243; _module_preset=&#8221;default&#8221; global_colors_info=&#8221;{}&#8221;][et_pb_image src=&#8221;https:\/\/elisaanfuso.com\/it\/wp-content\/uploads\/2021\/07\/La-caduta-di-eva-Copertina.png&#8221; title_text=&#8221;La caduta di eva Copertina&#8221; _builder_version=&#8221;4.9.10&#8243; _module_preset=&#8221;default&#8221; global_colors_info=&#8221;{}&#8221;][\/et_pb_image][\/et_pb_column][\/et_pb_row][et_pb_row column_structure=&#8221;1_2,1_2&#8243; _builder_version=&#8221;4.9.10&#8243; _module_preset=&#8221;default&#8221; global_colors_info=&#8221;{}&#8221;][et_pb_column type=&#8221;1_2&#8243; _builder_version=&#8221;4.9.10&#8243; _module_preset=&#8221;default&#8221; global_colors_info=&#8221;{}&#8221;][et_pb_text _builder_version=&#8221;4.10.3&#8243; _module_preset=&#8221;default&#8221; global_colors_info=&#8221;{}&#8221;]<\/p>\n<p>&nbsp;<\/p>\n<p class=\"font_8\" style=\"text-align: justify;\"><span class=\"color_20\"><span><strong>IL PESO DEI DESIDERI<\/strong><\/span><\/span><\/p>\n<p class=\"font_8\" style=\"text-align: justify;\"><span class=\"color_20\"><em><span>Giovanna Lacedra<\/span><\/em><\/span><\/p>\n<p class=\"font_8\" style=\"text-align: justify;\"><span class=\"color_20\"><span>Il peso di una mela \u2013 desiderio e tentazione.<\/span><\/span><\/p>\n<p class=\"font_8\" style=\"text-align: justify;\"><span class=\"color_20\"><span>Il peso di una mela scarlatta \u2013 dolce succo di un peccato acerbo.<\/span><\/span><\/p>\n<p class=\"font_8\" style=\"text-align: justify;\"><span class=\"color_20\"><span>Trattiene quello spiegamento d\u2019ali che inutilmente domandano salvezza\u00a0<\/span><\/span><span>ad un bouquet di inviolati palloncini.<\/span><\/p>\n<p class=\"font_8\" style=\"text-align: justify;\"><span class=\"color_20\"><span>E\u2019 il volo di un\u2019anima che non si divincola.<\/span><\/span><\/p>\n<p class=\"font_8\" style=\"text-align: justify;\"><span class=\"color_20\"><span>E vive compressa, come un grumo tra i desideri.<\/span><\/span><\/p>\n<p>[\/et_pb_text][et_pb_button button_url=&#8221;#dipiu&#8221; button_text=&#8221;Leggi ancora&#8221; _builder_version=&#8221;4.10.5&#8243; _module_preset=&#8221;default&#8221; custom_button=&#8221;on&#8221; button_text_size=&#8221;14px&#8221; button_text_color=&#8221;#FFFFFF&#8221; button_bg_color=&#8221;#E02B20&#8243; button_border_color=&#8221;#FFFFFF&#8221; button_font=&#8221;||on||||||&#8221; global_colors_info=&#8221;{}&#8221;][\/et_pb_button][\/et_pb_column][et_pb_column type=&#8221;1_2&#8243; _builder_version=&#8221;4.9.10&#8243; _module_preset=&#8221;default&#8221; global_colors_info=&#8221;{}&#8221;][et_pb_image src=&#8221;https:\/\/elisaanfuso.com\/it\/wp-content\/uploads\/2021\/07\/pondus-animae-copertina-catalogo-scaled.jpg&#8221; title_text=&#8221;pondus animae copertina catalogo&#8221; _builder_version=&#8221;4.9.10&#8243; _module_preset=&#8221;default&#8221; global_colors_info=&#8221;{}&#8221;][\/et_pb_image][\/et_pb_column][\/et_pb_row][et_pb_row column_structure=&#8221;1_2,1_2&#8243; _builder_version=&#8221;4.9.10&#8243; _module_preset=&#8221;default&#8221; global_colors_info=&#8221;{}&#8221;][et_pb_column type=&#8221;1_2&#8243; _builder_version=&#8221;4.9.10&#8243; _module_preset=&#8221;default&#8221; global_colors_info=&#8221;{}&#8221;][et_pb_text _builder_version=&#8221;4.10.3&#8243; _module_preset=&#8221;default&#8221; global_colors_info=&#8221;{}&#8221;]<\/p>\n<p class=\"font_8\"><span class=\"color_20\"><span><strong><\/strong><\/span><\/span><\/p>\n<p class=\"font_8\"><span class=\"color_20\"><span><strong><\/strong><\/span><\/span><\/p>\n<p class=\"font_8\"><span class=\"color_20\"><span><strong><\/strong><\/span><\/span><\/p>\n<p class=\"font_8\" style=\"text-align: justify;\"><span class=\"color_20\"><span><strong>SOgNO<\/strong><\/span><\/span><\/p>\n<p class=\"font_8\" style=\"text-align: justify;\"><span class=\"color_20\"><span><em>Giuseppina Radice<\/em><\/span><\/span><\/p>\n<p class=\"font_8\" style=\"text-align: justify;\"><span class=\"color_20\"><span>A\u00a0me\u00a0sembra\u00a0che\u00a0la\u00a0pittura\u00a0di\u00a0Elisa\u00a0Anfuso\u00a0si\u00a0possa\u00a0definire\u00a0come un\u00a0processo\u00a0intrinsecamente intersoggettivo\u00a0che attraversa la sua vita.<\/span><\/span><\/p>\n<p class=\"font_8\" style=\"text-align: justify;\"><span class=\"color_20\"><span>E non in punta i piedi, timidamente, ma con il passo deciso di chi reclama con\u00a0forza\u00a0il suo posto nel mondo. Un giovane ma maturo pensiero &#8211; sogno dopo sogno &#8211; si concretizza in opere in cui \u00e8 centrale sia la riflessione sul ruolo del corpo sia lo sviluppo della funzione autoriflessiva della mente e nelle quali si scopre\u00a0&#8211; a mio\u00a0parere\u00a0&#8211; una capacit\u00e0 (inconsapevole forse, ma evidente) di affrontare il tema della relazione o, meglio, di innescare una intercomunicazione tra i suoi S\u00e9 multipli.<\/span><\/span><\/p>\n<p>[\/et_pb_text][et_pb_button button_url=&#8221;#dipiu&#8221; button_text=&#8221;Leggi ancora&#8221; _builder_version=&#8221;4.10.5&#8243; _module_preset=&#8221;default&#8221; custom_button=&#8221;on&#8221; button_text_size=&#8221;14px&#8221; button_text_color=&#8221;#FFFFFF&#8221; button_bg_color=&#8221;#E02B20&#8243; button_border_color=&#8221;#FFFFFF&#8221; button_font=&#8221;||on||||||&#8221; global_colors_info=&#8221;{}&#8221;][\/et_pb_button][\/et_pb_column][et_pb_column type=&#8221;1_2&#8243; _builder_version=&#8221;4.9.10&#8243; _module_preset=&#8221;default&#8221; global_colors_info=&#8221;{}&#8221;][et_pb_image src=&#8221;https:\/\/elisaanfuso.com\/it\/wp-content\/uploads\/2021\/07\/sogno-copertina-def.png&#8221; title_text=&#8221;sogno copertina def&#8221; _builder_version=&#8221;4.9.10&#8243; _module_preset=&#8221;default&#8221; global_colors_info=&#8221;{}&#8221;][\/et_pb_image][\/et_pb_column][\/et_pb_row][et_pb_row column_structure=&#8221;1_2,1_2&#8243; _builder_version=&#8221;4.9.10&#8243; _module_preset=&#8221;default&#8221; global_colors_info=&#8221;{}&#8221;][et_pb_column type=&#8221;1_2&#8243; _builder_version=&#8221;4.9.10&#8243; _module_preset=&#8221;default&#8221; global_colors_info=&#8221;{}&#8221;][et_pb_text _builder_version=&#8221;4.10.3&#8243; _module_preset=&#8221;default&#8221; global_colors_info=&#8221;{}&#8221;]<\/p>\n<p class=\"font_8\"><strong><span><\/span><\/strong><\/p>\n<p class=\"font_8\"><strong><span><\/span><\/strong><\/p>\n<p class=\"font_8\" style=\"text-align: justify;\"><strong><span>LE NOSTRE SOLITUDINI<\/span><\/strong><\/p>\n<p class=\"font_8\" style=\"text-align: justify;\"><em><span>Maria Zanolli<\/span><\/em><\/p>\n<p class=\"font_8\" style=\"text-align: justify;\"><span>Le nostre solitudini sono un bene prezioso. Scaviamo dentro di noi, per cercare una parola tra pensiero e pelle, per trovare un ponte tra carne e sogno. Per gridare quello che non siamo e restituire al silenzio il suo raccolto.<br \/>Le nostre solitudini sono pena e inquietudine. Faticoso e quotidiano percorso alla ricerca di ci\u00f2 che siamo. La strada \u00e8 densa di contraddizioni, di trappole, di tentazioni, di voli improvvisi e di inaspettate cadute.<\/span><\/p>\n<p>[\/et_pb_text][et_pb_button button_url=&#8221;#dipiu&#8221; button_text=&#8221;Leggi ancora&#8221; _builder_version=&#8221;4.10.5&#8243; _module_preset=&#8221;default&#8221; custom_button=&#8221;on&#8221; button_text_size=&#8221;14px&#8221; button_text_color=&#8221;#FFFFFF&#8221; button_bg_color=&#8221;#E02B20&#8243; button_border_color=&#8221;#FFFFFF&#8221; button_font=&#8221;||on||||||&#8221; global_colors_info=&#8221;{}&#8221;][\/et_pb_button][\/et_pb_column][et_pb_column type=&#8221;1_2&#8243; _builder_version=&#8221;4.9.10&#8243; _module_preset=&#8221;default&#8221; global_colors_info=&#8221;{}&#8221;][et_pb_image src=&#8221;https:\/\/elisaanfuso.com\/it\/wp-content\/uploads\/2021\/07\/solitudo-copertina.png&#8221; title_text=&#8221;solitudo copertina&#8221; _builder_version=&#8221;4.9.10&#8243; _module_preset=&#8221;default&#8221; global_colors_info=&#8221;{}&#8221;][\/et_pb_image][\/et_pb_column][\/et_pb_row][\/et_pb_section][et_pb_section fb_built=&#8221;1&#8243; admin_label=&#8221;Popup &#8211; #newsletter&#8221; module_id=&#8221;newsletter&#8221; module_class=&#8221;popup&#8221; _builder_version=&#8221;4.10.8&#8243; _module_preset=&#8221;default&#8221; global_colors_info=&#8221;{}&#8221;][\/et_pb_section][et_pb_section fb_built=&#8221;1&#8243; admin_label=&#8221;Footer Section&#8221; module_id=&#8221;#dipiu&#8221; _builder_version=&#8221;4.10.5&#8243; background_enable_image=&#8221;off&#8221; parallax=&#8221;on&#8221; custom_padding=&#8221;90px||23px|||&#8221; global_colors_info=&#8221;{}&#8221;][et_pb_row column_structure=&#8221;1_3,1_3,1_3&#8243; disabled_on=&#8221;on|off|off&#8221; module_id=&#8221;dipiu&#8221; _builder_version=&#8221;4.10.8&#8243; _module_preset=&#8221;default&#8221; global_colors_info=&#8221;{}&#8221;][et_pb_column type=&#8221;1_3&#8243; _builder_version=&#8221;4.10.8&#8243; _module_preset=&#8221;default&#8221; global_colors_info=&#8221;{}&#8221;][et_pb_image src=&#8221;https:\/\/elisaanfuso.com\/it\/wp-content\/uploads\/2021\/08\/newsletter-img-sinistra.png&#8221; title_text=&#8221;newsletter img sinistra&#8221; align=&#8221;right&#8221; _builder_version=&#8221;4.10.5&#8243; _module_preset=&#8221;default&#8221; min_height=&#8221;140.4px&#8221; custom_margin=&#8221;-22px|-60px||||&#8221; custom_padding=&#8221;3px|0px|5px|||&#8221; global_colors_info=&#8221;{}&#8221;][\/et_pb_image][\/et_pb_column][et_pb_column type=&#8221;1_3&#8243; _builder_version=&#8221;4.10.5&#8243; _module_preset=&#8221;default&#8221; global_colors_info=&#8221;{}&#8221;][et_pb_code _builder_version=&#8221;4.10.8&#8243; _module_preset=&#8221;default&#8221; global_colors_info=&#8221;{}&#8221; admin_label=&#8221;codice1&#8243;]<a href=\"javascript:;\" onclick=\"ml_account('webforms', '4839524', 't6x6o2', 'show')\"><!-- [et_pb_line_break_holder] -->  <img decoding=\"async\" data-src=\"https:\/\/elisaanfuso.com\/it\/wp-content\/uploads\/2021\/08\/tasto-newsletter.png\"style=\"--smush-placeholder-width: 182px; --smush-placeholder-aspect-ratio: 182\/180;width:100px;margin:auto;display:block;\" src=\"data:image\/gif;base64,R0lGODlhAQABAAAAACH5BAEKAAEALAAAAAABAAEAAAICTAEAOw==\" class=\"lazyload\"><\/a>[\/et_pb_code][et_pb_code _builder_version=&#8221;4.10.8&#8243; _module_preset=&#8221;default&#8221; global_colors_info=&#8221;{}&#8221;]<!-- MailerLite Universal --><!-- [et_pb_line_break_holder] --><script><!-- [et_pb_line_break_holder] -->(function(m,a,i,l,e,r){ m['MailerLiteObject']=e;function f(){<!-- [et_pb_line_break_holder] -->var c={ a:arguments,q:[]};var r=this.push(c);return \"number\"!=typeof r?r:f.bind(c.q);}<!-- [et_pb_line_break_holder] -->f.q=f.q||[];m[e]=m[e]||f.bind(f.q);m[e].q=m[e].q||f.q;r=a.createElement(i);<!-- [et_pb_line_break_holder] -->var _=a.getElementsByTagName(i)[0];r.async=1;r.src=l+'?v'+(~~(new Date().getTime()\/1000000));<!-- [et_pb_line_break_holder] -->_.parentNode.insertBefore(r,_);})(window, document, 'script', 'https:\/\/static.mailerlite.com\/js\/universal.js', 'ml');<!-- [et_pb_line_break_holder] --><!-- [et_pb_line_break_holder] -->var ml_account = ml('accounts', '3471113', 'n9p1c6b8u5', 'load');<!-- [et_pb_line_break_holder] --><\/script><!-- [et_pb_line_break_holder] --><!-- End MailerLite Universal --><!-- [et_pb_line_break_holder] -->[\/et_pb_code][\/et_pb_column][et_pb_column type=&#8221;1_3&#8243; _builder_version=&#8221;4.10.5&#8243; _module_preset=&#8221;default&#8221; global_colors_info=&#8221;{}&#8221;][et_pb_image src=&#8221;https:\/\/elisaanfuso.com\/it\/wp-content\/uploads\/2021\/08\/newsletter-img-destra.png&#8221; title_text=&#8221;newsletter img destra&#8221; _builder_version=&#8221;4.10.5&#8243; _module_preset=&#8221;default&#8221; min_height=&#8221;140px&#8221; custom_margin=&#8221;-23px|||-60px||&#8221; custom_padding=&#8221;2px||2px|||&#8221; global_colors_info=&#8221;{}&#8221;][\/et_pb_image][\/et_pb_column][\/et_pb_row][et_pb_row column_structure=&#8221;1_3,1_3,1_3&#8243; disabled_on=&#8221;off|on|on&#8221; _builder_version=&#8221;4.10.8&#8243; _module_preset=&#8221;default&#8221; link_option_url=&#8221;dipiu&#8221; hover_enabled=&#8221;0&#8243; global_colors_info=&#8221;{}&#8221; module_id=&#8221;dipiu&#8221; sticky_enabled=&#8221;0&#8243;][et_pb_column type=&#8221;1_3&#8243; _builder_version=&#8221;4.10.5&#8243; _module_preset=&#8221;default&#8221; global_colors_info=&#8221;{}&#8221;][et_pb_image src=&#8221;https:\/\/elisaanfuso.com\/it\/wp-content\/uploads\/2021\/09\/newsletter-mobile-1.png&#8221; title_text=&#8221;newsletter mobile 1&#8243; url=&#8221;#dipiu&#8221; module_id=&#8221;#dipiu&#8221; _builder_version=&#8221;4.10.5&#8243; _module_preset=&#8221;default&#8221; global_colors_info=&#8221;{}&#8221;][\/et_pb_image][\/et_pb_column][et_pb_column type=&#8221;1_3&#8243; _builder_version=&#8221;4.10.5&#8243; _module_preset=&#8221;default&#8221; global_colors_info=&#8221;{}&#8221;][et_pb_code _builder_version=&#8221;4.10.8&#8243; _module_preset=&#8221;default&#8221; global_colors_info=&#8221;{}&#8221; admin_label=&#8221;codice1&#8243;]<a href=\"javascript:;\" onclick=\"ml_account('webforms', '4839524', 't6x6o2', 'show')\"><!-- [et_pb_line_break_holder] -->  <img decoding=\"async\" data-src=\"https:\/\/elisaanfuso.com\/it\/wp-content\/uploads\/2021\/08\/tasto-newsletter.png\"style=\"--smush-placeholder-width: 182px; --smush-placeholder-aspect-ratio: 182\/180;width:100px;margin:auto;display:block;\" src=\"data:image\/gif;base64,R0lGODlhAQABAAAAACH5BAEKAAEALAAAAAABAAEAAAICTAEAOw==\" class=\"lazyload\"><\/a>[\/et_pb_code][et_pb_code _builder_version=&#8221;4.10.8&#8243; _module_preset=&#8221;default&#8221; global_colors_info=&#8221;{}&#8221;]<!-- MailerLite Universal --><!-- [et_pb_line_break_holder] --><script><!-- [et_pb_line_break_holder] -->(function(m,a,i,l,e,r){ m['MailerLiteObject']=e;function f(){<!-- [et_pb_line_break_holder] -->var c={ a:arguments,q:[]};var r=this.push(c);return \"number\"!=typeof r?r:f.bind(c.q);}<!-- [et_pb_line_break_holder] -->f.q=f.q||[];m[e]=m[e]||f.bind(f.q);m[e].q=m[e].q||f.q;r=a.createElement(i);<!-- [et_pb_line_break_holder] -->var _=a.getElementsByTagName(i)[0];r.async=1;r.src=l+'?v'+(~~(new Date().getTime()\/1000000));<!-- [et_pb_line_break_holder] -->_.parentNode.insertBefore(r,_);})(window, document, 'script', 'https:\/\/static.mailerlite.com\/js\/universal.js', 'ml');<!-- [et_pb_line_break_holder] --><!-- [et_pb_line_break_holder] -->var ml_account = ml('accounts', '3471113', 'n9p1c6b8u5', 'load');<!-- [et_pb_line_break_holder] --><\/script><!-- [et_pb_line_break_holder] --><!-- End MailerLite Universal --><!-- [et_pb_line_break_holder] -->[\/et_pb_code][\/et_pb_column][et_pb_column type=&#8221;1_3&#8243; _builder_version=&#8221;4.10.5&#8243; _module_preset=&#8221;default&#8221; global_colors_info=&#8221;{}&#8221;][et_pb_image src=&#8221;https:\/\/elisaanfuso.com\/it\/wp-content\/uploads\/2021\/09\/newsletter-mobile-2.jpg&#8221; title_text=&#8221;newsletter mobile 2&#8243; _builder_version=&#8221;4.10.5&#8243; _module_preset=&#8221;default&#8221; global_colors_info=&#8221;{}&#8221;][\/et_pb_image][\/et_pb_column][\/et_pb_row][\/et_pb_section]<\/p>\n","protected":false},"excerpt":{"rendered":"<p>Critics EYES WIDE SHUT Angelo Crespi \u200b \u200b E\u0300 come se la quotidianita\u0300, per mezzo della fantasia, venisse trasformata assumendo in parte i caratteri dello stravagante, non pero\u0300 dell\u2019impossibile, e questa trasfigurazione procede per accumulazione di simboli (l\u2019uovo, gli uccel- lini, i ori, le ciliegie&#8230;), no ad assumere le atmosfere di una pittura simbolista. Anche [&hellip;]<\/p>\n","protected":false},"author":1,"featured_media":0,"parent":0,"menu_order":0,"comment_status":"closed","ping_status":"closed","template":"","meta":{"_et_pb_use_builder":"on","_et_pb_old_content":"","_et_gb_content_width":"","footnotes":""},"class_list":["post-514","page","type-page","status-publish","hentry"],"yoast_head":"<!-- This site is optimized with the Yoast SEO plugin v24.8 - https:\/\/yoast.com\/wordpress\/plugins\/seo\/ -->\n<title>Critics - Elisa Anfuso<\/title>\n<meta name=\"description\" content=\"La pittura di Elisa Anfuso si possa definire come un processo intrinsecamente intersoggettivo che attraversa la sua vita, Scarica i cataloghi\" \/>\n<meta name=\"robots\" content=\"index, follow, max-snippet:-1, max-image-preview:large, max-video-preview:-1\" \/>\n<link rel=\"canonical\" href=\"https:\/\/elisaanfuso.com\/it\/critics\/\" \/>\n<meta property=\"og:locale\" content=\"it_IT\" \/>\n<meta property=\"og:type\" content=\"article\" \/>\n<meta property=\"og:title\" content=\"Critics - Elisa Anfuso\" \/>\n<meta property=\"og:description\" content=\"La pittura di Elisa Anfuso si possa definire come un processo intrinsecamente intersoggettivo che attraversa la sua vita, Scarica i cataloghi\" \/>\n<meta property=\"og:url\" content=\"https:\/\/elisaanfuso.com\/it\/critics\/\" \/>\n<meta property=\"og:site_name\" content=\"Elisa Anfuso\" \/>\n<meta property=\"article:publisher\" content=\"https:\/\/www.facebook.com\/elisa.anfuso.3\" \/>\n<meta property=\"article:modified_time\" content=\"2021-10-12T20:47:52+00:00\" \/>\n<meta property=\"og:image\" content=\"https:\/\/elisaanfuso.com\/it\/wp-content\/uploads\/2021\/08\/tasto-newsletter.png\" \/>\n<meta name=\"twitter:card\" content=\"summary_large_image\" \/>\n<meta name=\"twitter:label1\" content=\"Tempo di lettura stimato\" \/>\n\t<meta name=\"twitter:data1\" content=\"4 minuti\" \/>\n<script type=\"application\/ld+json\" class=\"yoast-schema-graph\">{\"@context\":\"https:\/\/schema.org\",\"@graph\":[{\"@type\":\"WebPage\",\"@id\":\"https:\/\/elisaanfuso.com\/it\/critics\/\",\"url\":\"https:\/\/elisaanfuso.com\/it\/critics\/\",\"name\":\"Critics - Elisa Anfuso\",\"isPartOf\":{\"@id\":\"https:\/\/elisaanfuso.com\/it\/#website\"},\"primaryImageOfPage\":{\"@id\":\"https:\/\/elisaanfuso.com\/it\/critics\/#primaryimage\"},\"image\":{\"@id\":\"https:\/\/elisaanfuso.com\/it\/critics\/#primaryimage\"},\"thumbnailUrl\":\"https:\/\/elisaanfuso.com\/it\/wp-content\/uploads\/2021\/08\/tasto-newsletter.png\",\"datePublished\":\"2021-07-25T17:09:08+00:00\",\"dateModified\":\"2021-10-12T20:47:52+00:00\",\"description\":\"La pittura di Elisa Anfuso si possa definire come un processo intrinsecamente intersoggettivo che attraversa la sua vita, Scarica i cataloghi\",\"breadcrumb\":{\"@id\":\"https:\/\/elisaanfuso.com\/it\/critics\/#breadcrumb\"},\"inLanguage\":\"it-IT\",\"potentialAction\":[{\"@type\":\"ReadAction\",\"target\":[\"https:\/\/elisaanfuso.com\/it\/critics\/\"]}]},{\"@type\":\"ImageObject\",\"inLanguage\":\"it-IT\",\"@id\":\"https:\/\/elisaanfuso.com\/it\/critics\/#primaryimage\",\"url\":\"https:\/\/elisaanfuso.com\/it\/wp-content\/uploads\/2021\/08\/tasto-newsletter.png\",\"contentUrl\":\"https:\/\/elisaanfuso.com\/it\/wp-content\/uploads\/2021\/08\/tasto-newsletter.png\",\"width\":182,\"height\":180,\"caption\":\"cta\"},{\"@type\":\"BreadcrumbList\",\"@id\":\"https:\/\/elisaanfuso.com\/it\/critics\/#breadcrumb\",\"itemListElement\":[{\"@type\":\"ListItem\",\"position\":1,\"name\":\"Home\",\"item\":\"https:\/\/elisaanfuso.com\/it\/\"},{\"@type\":\"ListItem\",\"position\":2,\"name\":\"Critics\"}]},{\"@type\":\"WebSite\",\"@id\":\"https:\/\/elisaanfuso.com\/it\/#website\",\"url\":\"https:\/\/elisaanfuso.com\/it\/\",\"name\":\"Elisa Anfuso\",\"description\":\"\",\"publisher\":{\"@id\":\"https:\/\/elisaanfuso.com\/it\/#organization\"},\"potentialAction\":[{\"@type\":\"SearchAction\",\"target\":{\"@type\":\"EntryPoint\",\"urlTemplate\":\"https:\/\/elisaanfuso.com\/it\/?s={search_term_string}\"},\"query-input\":{\"@type\":\"PropertyValueSpecification\",\"valueRequired\":true,\"valueName\":\"search_term_string\"}}],\"inLanguage\":\"it-IT\"},{\"@type\":\"Organization\",\"@id\":\"https:\/\/elisaanfuso.com\/it\/#organization\",\"name\":\"Elisa Anfuso\",\"url\":\"https:\/\/elisaanfuso.com\/it\/\",\"logo\":{\"@type\":\"ImageObject\",\"inLanguage\":\"it-IT\",\"@id\":\"https:\/\/elisaanfuso.com\/it\/#\/schema\/logo\/image\/\",\"url\":\"https:\/\/elisaanfuso.com\/it\/wp-content\/uploads\/2021\/08\/elisa-anfuso.jpg\",\"contentUrl\":\"https:\/\/elisaanfuso.com\/it\/wp-content\/uploads\/2021\/08\/elisa-anfuso.jpg\",\"width\":890,\"height\":492,\"caption\":\"Elisa Anfuso\"},\"image\":{\"@id\":\"https:\/\/elisaanfuso.com\/it\/#\/schema\/logo\/image\/\"},\"sameAs\":[\"https:\/\/www.facebook.com\/elisa.anfuso.3\",\"https:\/\/www.instagram.com\/elisa_anfuso\/\"]}]}<\/script>\n<!-- \/ Yoast SEO plugin. -->","yoast_head_json":{"title":"Critics - Elisa Anfuso","description":"La pittura di Elisa Anfuso si possa definire come un processo intrinsecamente intersoggettivo che attraversa la sua vita, Scarica i cataloghi","robots":{"index":"index","follow":"follow","max-snippet":"max-snippet:-1","max-image-preview":"max-image-preview:large","max-video-preview":"max-video-preview:-1"},"canonical":"https:\/\/elisaanfuso.com\/it\/critics\/","og_locale":"it_IT","og_type":"article","og_title":"Critics - Elisa Anfuso","og_description":"La pittura di Elisa Anfuso si possa definire come un processo intrinsecamente intersoggettivo che attraversa la sua vita, Scarica i cataloghi","og_url":"https:\/\/elisaanfuso.com\/it\/critics\/","og_site_name":"Elisa Anfuso","article_publisher":"https:\/\/www.facebook.com\/elisa.anfuso.3","article_modified_time":"2021-10-12T20:47:52+00:00","og_image":[{"url":"https:\/\/elisaanfuso.com\/it\/wp-content\/uploads\/2021\/08\/tasto-newsletter.png","type":"","width":"","height":""}],"twitter_card":"summary_large_image","twitter_misc":{"Tempo di lettura stimato":"4 minuti"},"schema":{"@context":"https:\/\/schema.org","@graph":[{"@type":"WebPage","@id":"https:\/\/elisaanfuso.com\/it\/critics\/","url":"https:\/\/elisaanfuso.com\/it\/critics\/","name":"Critics - Elisa Anfuso","isPartOf":{"@id":"https:\/\/elisaanfuso.com\/it\/#website"},"primaryImageOfPage":{"@id":"https:\/\/elisaanfuso.com\/it\/critics\/#primaryimage"},"image":{"@id":"https:\/\/elisaanfuso.com\/it\/critics\/#primaryimage"},"thumbnailUrl":"https:\/\/elisaanfuso.com\/it\/wp-content\/uploads\/2021\/08\/tasto-newsletter.png","datePublished":"2021-07-25T17:09:08+00:00","dateModified":"2021-10-12T20:47:52+00:00","description":"La pittura di Elisa Anfuso si possa definire come un processo intrinsecamente intersoggettivo che attraversa la sua vita, Scarica i cataloghi","breadcrumb":{"@id":"https:\/\/elisaanfuso.com\/it\/critics\/#breadcrumb"},"inLanguage":"it-IT","potentialAction":[{"@type":"ReadAction","target":["https:\/\/elisaanfuso.com\/it\/critics\/"]}]},{"@type":"ImageObject","inLanguage":"it-IT","@id":"https:\/\/elisaanfuso.com\/it\/critics\/#primaryimage","url":"https:\/\/elisaanfuso.com\/it\/wp-content\/uploads\/2021\/08\/tasto-newsletter.png","contentUrl":"https:\/\/elisaanfuso.com\/it\/wp-content\/uploads\/2021\/08\/tasto-newsletter.png","width":182,"height":180,"caption":"cta"},{"@type":"BreadcrumbList","@id":"https:\/\/elisaanfuso.com\/it\/critics\/#breadcrumb","itemListElement":[{"@type":"ListItem","position":1,"name":"Home","item":"https:\/\/elisaanfuso.com\/it\/"},{"@type":"ListItem","position":2,"name":"Critics"}]},{"@type":"WebSite","@id":"https:\/\/elisaanfuso.com\/it\/#website","url":"https:\/\/elisaanfuso.com\/it\/","name":"Elisa Anfuso","description":"","publisher":{"@id":"https:\/\/elisaanfuso.com\/it\/#organization"},"potentialAction":[{"@type":"SearchAction","target":{"@type":"EntryPoint","urlTemplate":"https:\/\/elisaanfuso.com\/it\/?s={search_term_string}"},"query-input":{"@type":"PropertyValueSpecification","valueRequired":true,"valueName":"search_term_string"}}],"inLanguage":"it-IT"},{"@type":"Organization","@id":"https:\/\/elisaanfuso.com\/it\/#organization","name":"Elisa Anfuso","url":"https:\/\/elisaanfuso.com\/it\/","logo":{"@type":"ImageObject","inLanguage":"it-IT","@id":"https:\/\/elisaanfuso.com\/it\/#\/schema\/logo\/image\/","url":"https:\/\/elisaanfuso.com\/it\/wp-content\/uploads\/2021\/08\/elisa-anfuso.jpg","contentUrl":"https:\/\/elisaanfuso.com\/it\/wp-content\/uploads\/2021\/08\/elisa-anfuso.jpg","width":890,"height":492,"caption":"Elisa Anfuso"},"image":{"@id":"https:\/\/elisaanfuso.com\/it\/#\/schema\/logo\/image\/"},"sameAs":["https:\/\/www.facebook.com\/elisa.anfuso.3","https:\/\/www.instagram.com\/elisa_anfuso\/"]}]}},"_links":{"self":[{"href":"https:\/\/elisaanfuso.com\/it\/wp-json\/wp\/v2\/pages\/514","targetHints":{"allow":["GET"]}}],"collection":[{"href":"https:\/\/elisaanfuso.com\/it\/wp-json\/wp\/v2\/pages"}],"about":[{"href":"https:\/\/elisaanfuso.com\/it\/wp-json\/wp\/v2\/types\/page"}],"author":[{"embeddable":true,"href":"https:\/\/elisaanfuso.com\/it\/wp-json\/wp\/v2\/users\/1"}],"replies":[{"embeddable":true,"href":"https:\/\/elisaanfuso.com\/it\/wp-json\/wp\/v2\/comments?post=514"}],"version-history":[{"count":51,"href":"https:\/\/elisaanfuso.com\/it\/wp-json\/wp\/v2\/pages\/514\/revisions"}],"predecessor-version":[{"id":2478,"href":"https:\/\/elisaanfuso.com\/it\/wp-json\/wp\/v2\/pages\/514\/revisions\/2478"}],"wp:attachment":[{"href":"https:\/\/elisaanfuso.com\/it\/wp-json\/wp\/v2\/media?parent=514"}],"curies":[{"name":"wp","href":"https:\/\/api.w.org\/{rel}","templated":true}]}}