{"id":936,"date":"2021-08-20T08:58:09","date_gmt":"2021-08-20T08:58:09","guid":{"rendered":"https:\/\/elisaanfuso.com\/it\/?page_id=936"},"modified":"2025-01-30T16:06:27","modified_gmt":"2025-01-30T16:06:27","slug":"about","status":"publish","type":"page","link":"https:\/\/elisaanfuso.com\/it\/about\/","title":{"rendered":"About"},"content":{"rendered":"<p>[et_pb_section fb_built=&#8221;1&#8243; fullwidth=&#8221;on&#8221; _builder_version=&#8221;4.9.10&#8243; _module_preset=&#8221;default&#8221; global_colors_info=&#8221;{}&#8221;][et_pb_fullwidth_slider _builder_version=&#8221;4.9.10&#8243; _module_preset=&#8221;default&#8221; background_image=&#8221;https:\/\/elisaanfuso.com\/it\/wp-content\/uploads\/2021\/07\/dis1-pag-about.png&#8221; global_colors_info=&#8221;{}&#8221;][\/et_pb_fullwidth_slider][\/et_pb_section][et_pb_section fb_built=&#8221;1&#8243; fullwidth=&#8221;on&#8221; _builder_version=&#8221;4.9.10&#8243; _module_preset=&#8221;default&#8221; global_colors_info=&#8221;{}&#8221;][et_pb_fullwidth_image src=&#8221;https:\/\/elisaanfuso.com\/it\/wp-content\/uploads\/2021\/08\/dis-pag-about.png&#8221; alt=&#8221;backround,opera&#8221; title_text=&#8221;dis pag about&#8221; _builder_version=&#8221;4.10.3&#8243; _module_preset=&#8221;default&#8221; global_colors_info=&#8221;{}&#8221;][\/et_pb_fullwidth_image][\/et_pb_section][et_pb_section fb_built=&#8221;1&#8243; _builder_version=&#8221;4.10.3&#8243; _module_preset=&#8221;default&#8221; global_colors_info=&#8221;{}&#8221;][et_pb_row _builder_version=&#8221;4.10.3&#8243; _module_preset=&#8221;default&#8221; global_colors_info=&#8221;{}&#8221;][et_pb_column type=&#8221;4_4&#8243; _builder_version=&#8221;4.10.3&#8243; _module_preset=&#8221;default&#8221; global_colors_info=&#8221;{}&#8221;][et_pb_text _builder_version=&#8221;4.10.8&#8243; _module_preset=&#8221;default&#8221; header_font=&#8221;Amatic SC||||||||&#8221; header_font_size=&#8221;50px&#8221; global_colors_info=&#8221;{}&#8221;]<\/p>\n<h1 style=\"text-align: center;\"><span style=\"color: #333333;\">About Me<\/span><\/h1>\n<p>[\/et_pb_text][\/et_pb_column][\/et_pb_row][\/et_pb_section][et_pb_section fb_built=&#8221;1&#8243; _builder_version=&#8221;4.9.10&#8243; _module_preset=&#8221;default&#8221; custom_padding=&#8221;6px||8px|||&#8221; global_colors_info=&#8221;{}&#8221;][et_pb_row column_structure=&#8221;1_2,1_2&#8243; _builder_version=&#8221;4.9.10&#8243; _module_preset=&#8221;default&#8221; custom_margin=&#8221;-5px|auto||auto||&#8221; custom_padding=&#8221;7px|||||&#8221; global_colors_info=&#8221;{}&#8221;][et_pb_column type=&#8221;1_2&#8243; _builder_version=&#8221;4.9.10&#8243; _module_preset=&#8221;default&#8221; global_colors_info=&#8221;{}&#8221;][et_pb_text _builder_version=&#8221;4.10.3&#8243; _module_preset=&#8221;default&#8221; text_orientation=&#8221;justified&#8221; global_colors_info=&#8221;{}&#8221;]<\/p>\n<header id=\"SITE_HEADER_WRAPPER\" tabindex=\"-1\">\n<div id=\"SITE_HEADER\" class=\"UZpZM _3wrTP\">\n<div class=\"_2qN73\">\n<div class=\"_1jI8r\">\n<div data-mesh-id=\"SITE_HEADERinlineContent\" data-testid=\"inline-content\" class=\"\">\n<div data-mesh-id=\"SITE_HEADERinlineContent-gridContainer\" data-testid=\"mesh-container-content\">\n<div id=\"comp-k5ryrtun\" class=\"_2bafp\" data-testid=\"richTextElement\">\n<p class=\"p1\"><span style=\"color: #333333;\"><\/span><\/p>\n<p class=\"p1\"><span style=\"color: #333333;\">Elisa Anfuso, \u00e8 una pittrice italiana che trascorre la sua vita da artista nel paese delle meraviglie.\u00a0<\/span><\/p>\n<p class=\"p1\"><span style=\"color: #333333;\">Elisa ha iniziato il suo percorso artistico in tenera et\u00e0; ha sviluppato la sua creativit\u00e0 sin da bambina, e l\u2019amore per il disegno \u00e8 sempre stato una costante nella sua ricerca. Profondamente affascinata dalla pittura fiamminga e rinascimentale, ha dedicato i suoi studi maturi all\u2019olio e alle tecniche pittoriche tradizionali.<\/span><\/p>\n<p class=\"p1\"><span style=\"color: #333333;\">Nel 2005 l\u2019artista sintetizza tutte le sue esperienze, in un linguaggio che unisce la leggerezza del segno dei pastelli alla pienezza della materia pittorica.<\/span><\/p>\n<p class=\"p1\"><span style=\"color: #333333;\">Nel 2010 \u00e8 tra i vincitori del premio internazionale Arte Laguna, finalista al Premio Combat, riceve una menzione in occasione del Premio Celeste e vince il concorso Subway Edizioni. Nel 2011 \u00e8 tra i finalisti del Premio Arte Mondadori.<\/span><\/p>\n<p class=\"p1\"><span style=\"color: #333333;\">Viene selezionata e partecipa ad importanti mostre e fiere d\u2019arte contemporanea, sia collettive che personali. Espone a Vienna, Praga, New York e Miami e in diverse citt\u00e0 italiane.<\/span><\/p>\n<p class=\"p1\"><span style=\"color: #333333;\">Le sue opere sono presenti in numerosi cataloghi e collezioni pubbliche e private.\u00a0<\/span><\/p>\n<p class=\"p1\"><span style=\"color: #333333;\">Dal 2013 collabora con la Liquid Art System, dove ha conseguito, grazie al consenso del pubblico, l\u2019attenzione e l\u2019interesse di numerosi collezionisti nazionali e internazionali.<\/span><\/p>\n<p class=\"p1\"><span style=\"color: #333333;\">Le opere di Elisa Anfuso affidano alla pittura l\u2019espressione di un mondo stratificato e inquietante, in cui il fantastico sposa la paura e la fantasia colleziona le possibilit\u00e0 pi\u00f9 folli.<\/span><\/p>\n<p class=\"p1\"><span style=\"color: #333333;\">\u00c8 un mondo sospeso in una dimensione insolita, incongrua, il sogno vive dentro la realt\u00e0 e la realt\u00e0 dentro al sogno; come se l\u2019immaginazione conducesse l\u2019artista, e noi con lei, a viaggiare in mondi paralleli, in visioni che rifuggono spiegazioni razionali.<\/span><\/p>\n<\/div>\n<div id=\"comp-k5z3ds2t\" class=\"Ued3M\" title=\"\">\n<div data-testid=\"linkElement\" class=\"_2edl5\"><\/div>\n<\/div>\n<\/div>\n<\/div>\n<\/div>\n<\/div>\n<\/div>\n<\/header>\n<p><main id=\"PAGES_CONTAINER\" tabindex=\"-1\"><\/main><\/p>\n<div id=\"SITE_PAGES\">\n<div id=\"c240r\" class=\"_3akMP\"><\/div>\n<\/div>\n<p>&nbsp;<\/p>\n<p>[\/et_pb_text][\/et_pb_column][et_pb_column type=&#8221;1_2&#8243; _builder_version=&#8221;4.9.10&#8243; _module_preset=&#8221;default&#8221; global_colors_info=&#8221;{}&#8221;][et_pb_text _builder_version=&#8221;4.10.4&#8243; _module_preset=&#8221;default&#8221; text_orientation=&#8221;justified&#8221; global_colors_info=&#8221;{}&#8221;]<\/p>\n<div id=\"comp-ipgsmmt0\" class=\"_2bafp\" data-testid=\"richTextElement\">\n<h5 class=\"font_8\"><span class=\"color_13\" style=\"color: #000000;\"><\/span><\/h5>\n<p class=\"p1\">Elisa Anfuso is an Italian painter, who spends most of her life in wonderland.<\/p>\n<p class=\"p1\"><span style=\"color: #333333;\">Elisa started her artistic research at very young age; she developed her creativity when she was a little girl and the Drawing has always been a form of inspiration for her, in which the artist uses various instruments, from oil to the traditional painting techniques.<\/span><\/p>\n<p class=\"p1\"><span style=\"color: #333333;\">In 2005, the painter deeply fascinated by the Flemish painting and Renaissance art, synthesized all her experiences, using modern and sophisticated languages. She combines in her paintings, the lightness of pastels to the fullness of the painting.<\/span><\/p>\n<p class=\"p1\"><span style=\"color: #333333;\">Elisa Anfuso was awarded for the 2010 edition of the Arte Laguna and for the Celeste Award, where she received an Honorable mention. Elisa had furthermore a nomination in 2011 Arte Mondadori Prize and for the Combat award.<\/span><\/p>\n<p class=\"p1\"><span style=\"color: #333333;\">Her works have been displayed in many international exhibitions worldwide and in the most relevant art exhibitions, both individual and collective, such as: Vienna, Prague, New York and Miami, where established her as a global phenomenon.<\/span><\/p>\n<p class=\"p1\"><span style=\"color: #333333;\">Her works are featured in many catalogues, private and public collections and, since 2013, she has been collaborating with Liquid art system where she earned with public approval, the attention and interest of many national and international collectors.<\/span><\/p>\n<p class=\"p1\"><span style=\"color: #333333;\">Elisa Anfuso\u2019s works use painting to express a layered and unsettling world, where the fantastic embraces the fear, and fantasy collects the craziest possibilities.<\/span><\/p>\n<p class=\"p1\"><span style=\"color: #333333;\">It is a world suspended in an unusual and illogical dimension, the dream lives inside the reality and the reality inside the dream; as if imagination would lead the artist \u2013 and ourselves \u2013 to travel through parallel worlds, in visions escaping rational explanations.<\/span><\/p>\n<\/div>\n<p>[\/et_pb_text][\/et_pb_column][\/et_pb_row][et_pb_row _builder_version=&#8221;4.9.10&#8243; _module_preset=&#8221;default&#8221; custom_padding=&#8221;0px|||||&#8221; global_colors_info=&#8221;{}&#8221;][et_pb_column type=&#8221;4_4&#8243; _builder_version=&#8221;4.9.10&#8243; _module_preset=&#8221;default&#8221; global_colors_info=&#8221;{}&#8221;][et_pb_image src=&#8221;https:\/\/elisaanfuso.com\/it\/wp-content\/uploads\/2021\/07\/dis2-pag-about.png&#8221; alt=&#8221;backroud&#8221; title_text=&#8221;dis2 pag about&#8221; _builder_version=&#8221;4.10.2&#8243; _module_preset=&#8221;default&#8221; width=&#8221;50%&#8221; module_alignment=&#8221;center&#8221; custom_padding=&#8221;||1px|||&#8221; global_colors_info=&#8221;{}&#8221;][\/et_pb_image][\/et_pb_column][\/et_pb_row][et_pb_row column_structure=&#8221;2_5,3_5&#8243; admin_label=&#8221;LISTA&#8221; _builder_version=&#8221;4.10.2&#8243; _module_preset=&#8221;default&#8221; global_colors_info=&#8221;{}&#8221;][et_pb_column type=&#8221;2_5&#8243; _builder_version=&#8221;4.10.2&#8243; _module_preset=&#8221;default&#8221; global_colors_info=&#8221;{}&#8221;][et_pb_text admin_label=&#8221;Solo Exhibition&#8221; _builder_version=&#8221;4.10.3&#8243; _module_preset=&#8221;default&#8221; text_orientation=&#8221;justified&#8221; global_colors_info=&#8221;{}&#8221;]<\/p>\n<p class=\"p1\"><span style=\"color: #e02b20;\"><b>SOLO EXIBITIONS<\/b><\/span><span style=\"color: #333333;\"><b><\/b><\/span><\/p>\n<p class=\"p3\"><strong><span style=\"color: #333333;\"><\/span><\/strong><\/p>\n<p class=\"p3\"><strong><span style=\"color: #333333;\">2019<\/span><\/strong><\/p>\n<p class=\"p3\"><span style=\"color: #333333;\"><i>Eyes Wide Shut<\/i><\/span><\/p>\n<p class=\"p3\"><strong><span style=\"color: #333333;\">Museo MAGA, Gallarate (VA)<\/span><\/strong><\/p>\n<p class=\"p3\"><span style=\"color: #333333;\">a cura di A. Crespi<\/span><\/p>\n<p class=\"p3\"><strong><span style=\"color: #333333;\"><\/span><\/strong><\/p>\n<p class=\"p3\"><strong><\/strong><\/p>\n<p class=\"p3\"><strong><span style=\"color: #333333;\"><\/span><\/strong><\/p>\n<p class=\"p3\"><strong><span style=\"color: #333333;\">2016<\/span><\/strong><\/p>\n<p class=\"p3\"><span style=\"color: #333333;\"><i>(In)conscia Veritas<\/i><\/span><\/p>\n<p class=\"p3\"><strong><span style=\"color: #333333;\">Liquid Art System, Positano (Na)<\/span><\/strong><\/p>\n<p class=\"p3\"><strong><span style=\"color: #333333;\"><\/span><\/strong><\/p>\n<p class=\"p3\"><strong><\/strong><\/p>\n<p class=\"p3\"><strong><span style=\"color: #333333;\"><\/span><\/strong><\/p>\n<p class=\"p3\"><strong><span style=\"color: #333333;\">2015<\/span><\/strong><\/p>\n<p class=\"p3\"><span style=\"color: #333333;\"><i>Come in cielo, cos\u00ec in terra<\/i><\/span><\/p>\n<p class=\"p3\"><strong><span style=\"color: #333333;\">Square Gallery, Positano (Na)<\/span><\/strong><\/p>\n<p class=\"p3\"><strong><span style=\"color: #333333;\"><\/span><\/strong><\/p>\n<p class=\"p3\"><span style=\"color: #333333;\"><\/span><\/p>\n<p class=\"p3\"><span style=\"color: #333333;\"><b>2014<\/b><\/span><\/p>\n<p class=\"p1\"><span style=\"color: #333333;\"><i>La Caduta di Eva<\/i><\/span><\/p>\n<p class=\"p1\"><span style=\"color: #333333;\"><b>Galerie Augustin, Vienna<\/b><\/span><\/p>\n<p class=\"p3\"><span style=\"color: #333333;\"><\/span><\/p>\n<p class=\"p3\"><span style=\"color: #333333;\"><\/span><\/p>\n<p class=\"p3\"><span style=\"color: #333333;\"><b><\/b><\/span><\/p>\n<p class=\"p3\"><span style=\"color: #333333;\"><b>2013<\/b><\/span><\/p>\n<p class=\"p1\"><span style=\"color: #333333;\"><i>A thing to play with<\/i><\/span><\/p>\n<p class=\"p1\"><span style=\"color: #333333;\"><b>Studio Lab, Capri (Na)<\/b><\/span><\/p>\n<p class=\"p1\"><span style=\"color: #333333;\"><i>Pondus Animae<\/i><\/span><\/p>\n<p class=\"p1\"><span style=\"color: #333333;\"><b>Caruso Gallery, Milazzo (Me)<\/b><\/span><\/p>\n<p class=\"p1\"><span style=\"color: #333333;\"><b><\/b><\/span><\/p>\n<p class=\"p3\"><span style=\"color: #333333;\"><\/span><\/p>\n<p class=\"p3\"><span style=\"color: #333333;\"><b><\/b><\/span><\/p>\n<p class=\"p3\"><span style=\"color: #333333;\"><b>2012<\/b><\/span><\/p>\n<p class=\"p1\"><span style=\"color: #333333;\"><i>[Solitudo]<\/i><\/span><\/p>\n<p class=\"p1\"><span style=\"color: #333333;\"><b>Spazio Arte Duina, Paitone (BS)<\/b><\/span><\/p>\n<p class=\"p1\"><span style=\"color: #333333;\"><i>Di sogni, di carne<\/i><\/span><\/p>\n<p class=\"p1\"><span style=\"color: #333333;\"><b>999 contemporary, Roma<\/b><\/span><\/p>\n<p class=\"p1\"><span style=\"color: #333333;\"><b><\/b><\/span><\/p>\n<p class=\"p1\"><span style=\"color: #333333;\"><b><\/b><\/span><\/p>\n<p class=\"p1\"><span style=\"color: #333333;\"><b><\/b><\/span><\/p>\n<p class=\"p1\"><span style=\"color: #333333;\"><b>2011<\/b><\/span><\/p>\n<p class=\"p1\"><span style=\"color: #333333;\"><i>La stanza dei giochi di Penelope<\/i><\/span><\/p>\n<p class=\"p1\"><span style=\"color: #333333;\"><b>V-Bon\u00e0 Club, Catania<\/b><\/span><\/p>\n<p class=\"p1\"><span style=\"color: #333333;\"><i>Non calpestare la linea rossa<\/i><\/span><\/p>\n<p class=\"p1\"><span style=\"color: #333333;\"><b>Galleria dell&#8217;Ombra, Brescia<\/b><\/span><\/p>\n<p class=\"p3\"><span style=\"color: #333333;\"><\/span><\/p>\n<p class=\"p3\"><span style=\"color: #333333;\"><b><\/b><\/span><\/p>\n<p class=\"p3\"><span style=\"color: #333333;\"><b><\/b><\/span><\/p>\n<p class=\"p3\"><span style=\"color: #333333;\"><b>2010<\/b><\/span><\/p>\n<p class=\"p1\"><span style=\"color: #333333;\"><i>La mia ombra \u00e8 lieve<\/i><\/span><\/p>\n<p class=\"p1\"><span style=\"color: #333333;\"><b>Galleria Gagliardi, San Gimignano<\/b><\/span><\/p>\n<p class=\"p1\"><span style=\"color: #333333;\"><i>SOgNO<\/i><\/span><\/p>\n<p class=\"p1\"><span style=\"color: #333333;\"><b>Artesia Galleria d&#8217;Arte, Catania<\/b><\/span><\/p>\n<p>[\/et_pb_text][\/et_pb_column][et_pb_column type=&#8221;3_5&#8243; _builder_version=&#8221;4.10.2&#8243; _module_preset=&#8221;default&#8221; global_colors_info=&#8221;{}&#8221;][et_pb_text admin_label=&#8221;Group Exhibition&#8221; _builder_version=&#8221;4.14.0&#8243; _module_preset=&#8221;default&#8221; custom_padding=&#8221;0px|||||&#8221; hover_enabled=&#8221;0&#8243; global_colors_info=&#8221;{}&#8221; sticky_enabled=&#8221;0&#8243;]<\/p>\n<p class=\"p1\" style=\"text-align: right;\"><span style=\"color: #e02b20;\"><b>GROUP EXHIBITIONS<\/b><\/span><\/p>\n<p class=\"p1\" style=\"text-align: right;\"><strong><span style=\"color: #333333;\">2024<\/span><\/strong><\/p>\n<p class=\"p1\" style=\"text-align: right;\"><span style=\"color: #333333;\">\u2022 Messaggi. Antonello contemporanei. A cura di Diego Cavallaro. Palazzo Bellomo,\u00a0Siracusa<\/span><\/p>\n<p class=\"p1\" style=\"text-align: right;\"><strong><span style=\"color: #333333;\">2022<\/span><\/strong><\/p>\n<p class=\"p1\" style=\"text-align: right;\"><span style=\"color: #333333;\">\u2022 <em>Da Crisalide a Ribelle<\/em>, a cura di P. Ruffino &#8211; Palazzo Nicolaci, Noto (SR)<\/span><\/p>\n<p class=\"p1\" style=\"text-align: right;\"><strong><span style=\"color: #333333;\">2020<\/span><\/strong><\/p>\n<p class=\"p1\" style=\"text-align: right;\"><span style=\"color: #333333;\">\u2022\u00a0 <i>Beauty is Truth, Truth is Beauty.\u00a0<\/i>A cura di A. Crespi &#8211;<i>\u00a0<\/i>Liquid Art System, Capri<\/span><\/p>\n<p class=\"p1\" style=\"text-align: right;\"><strong><span style=\"color: #333333;\">2019<\/span><\/strong><\/p>\n<p class=\"p1\" style=\"text-align: right;\"><span style=\"color: #333333;\">\u2022\u00a0 <i>Ex-voto. Per Arte ricevuta.\u00a0<\/i>A cura di A. Crespi &#8211;<i>\u00a0<\/i>Museo Marini, Firenze<\/span><\/p>\n<p class=\"p1\" style=\"text-align: right;\"><strong><span style=\"color: #333333;\">2018<\/span><\/strong><\/p>\n<p class=\"p1\" style=\"text-align: right;\"><span style=\"color: #333333;\">\u2022\u00a0 <i>Ten\u00a0women&#8217;s soul.\u00a0<\/i>A cura di M. Izzolino &#8211;<i>\u00a0<\/i>Liquid Art System, Capri<\/span><\/p>\n<p class=\"p1\" style=\"text-align: right;\"><strong><span style=\"color: #333333;\">2017<\/span><\/strong><\/p>\n<p class=\"p1\" style=\"text-align: right;\"><span style=\"color: #333333;\">\u2022\u00a0 <i>Infanzia Interrotta.\u00a0<\/i>A cura di A.Biceri e C. Bottisio &#8211;<i>\u00a0<\/i>Caserma La Marmora, Torino<\/span><\/p>\n<p class=\"p1\" style=\"text-align: right;\"><strong><span style=\"color: #333333;\">2015<\/span><\/strong><\/p>\n<p class=\"p1\" style=\"text-align: right;\"><span style=\"color: #333333;\">\u2022\u00a0 <i>Eterogenesi della Forma.\u00a0<\/i>A cura di A.M. Martini &#8211;<i>\u00a0<\/i>Palazzo Platamone, Catania<\/span><\/p>\n<p class=\"p1\" style=\"text-align: right;\"><strong><span style=\"color: #333333;\">2014<\/span><\/strong><\/p>\n<p class=\"p1\" style=\"text-align: right;\"><span style=\"color: #333333;\">\u2022 \u00a0<i>From Figurative to<\/i>\u00a0Abstract. Section Portrait &#8211; White Room, Capri<\/span><\/p>\n<p class=\"p1\" style=\"text-align: right;\"><span style=\"color: #333333;\">\u2022 \u00a0<i>Aliens,\u00a0Le forme alienanti del contemporaneo<\/i> &#8211; Casa di Ludovico Ariosto, Ferrara<\/span><\/p>\n<p class=\"p1\" style=\"text-align: right;\"><strong><span style=\"color: #333333;\">2013<\/span><\/strong><\/p>\n<p class=\"p1\" style=\"text-align: right;\"><span style=\"color: #333333;\">\u2022 \u00a0Wikam &#8211; Palais Ferstel &amp; Palais Nieder\u00f6sterreich, Vienna<\/span><\/p>\n<p class=\"p1\" style=\"text-align: right;\"><span style=\"color: #333333;\">\u2022 \u00a0<i>Locus Animae 8 | Dea Madre<\/i>\u00a0&#8211; Foyer del Kursaal, Jesolo\u00a0(Ve)<\/span><\/p>\n<p class=\"p1\" style=\"text-align: right;\"><span style=\"color: #333333;\">\u2022 \u00a0<i>Aliens,\u00a0Le forme alienanti del contemporaneo<\/i>\u00a0&#8211;\u00a0E-lite studiogallery, Lecce<\/span><\/p>\n<p class=\"p1\" style=\"text-align: right;\"><span style=\"color: #333333;\">\u2022 \u00a0<i>Scritto sul corpo<\/i>\u00a0&#8211; E-Lite Studiogallery, Lecce<\/span><\/p>\n<p class=\"p1\" style=\"text-align: right;\"><strong><span style=\"color: #333333;\">2012<\/span><\/strong><\/p>\n<p class=\"p1\" style=\"text-align: right;\"><span style=\"color: #333333;\">\u2022 \u00a0<i>Iconica<\/i>\u00a0&#8211; RezArte Contemporanea, Reggio Emilia<\/span><\/p>\n<p class=\"p1\" style=\"text-align: right;\"><span style=\"color: #333333;\">\u2022 \u00a0<i>Ilussioni parallele<\/i>\u00a0&#8211; Spazio Arte Duina, Paitone (Bs)<\/span><\/p>\n<p class=\"p1\" style=\"text-align: right;\"><span style=\"color: #333333;\">\u2022 \u00a0<i>A proposito di donne<\/i>\u00a0&#8211; Galleria Conarte &#8211; Savona<\/span><\/p>\n<p class=\"p1\" style=\"text-align: right;\"><span style=\"color: #333333;\">\u2022 \u00a0<i>Saluzzo Arte, Donne solo e semplicemente donne<\/i> &#8211; Fondazione A. Bertoni, Saluzzo (Cn)<\/span><\/p>\n<p class=\"p1\" style=\"text-align: right;\"><span style=\"color: #333333;\">\u2022 \u00a0<i>No Lands Border\u00a0<\/i>&#8211; Terrain Vague &#8211; Cosenza<\/span><\/p>\n<p class=\"p1\" style=\"text-align: right;\"><span style=\"color: #333333;\">\u2022 \u00a0<i>Avantgarde<\/i>\u00a0&#8211; Avantgarde Gallery, Caserta<\/span><\/p>\n<p class=\"p1\" style=\"text-align: right;\"><strong><span style=\"color: #333333;\">2011<\/span><\/strong><\/p>\n<p class=\"p1\" style=\"text-align: right;\"><span style=\"color: #333333;\">\u2022 \u00a0<i>Germinale<\/i>\u00a0&#8211; Spazio Arte Duina, Paitone &#8211; Bs<\/span><\/p>\n<p class=\"p1\" style=\"text-align: right;\"><span style=\"color: #333333;\">\u2022 \u00a0<i>Conviv-io<\/i>, Convivenza con l&#8217;io &#8211; S. Carlo dei Barnabiti, Firenze<\/span><\/p>\n<p class=\"p1\" style=\"text-align: right;\"><strong><span style=\"color: #333333;\">2010<\/span><\/strong><\/p>\n<p class=\"p1\" style=\"text-align: right;\"><span style=\"color: #333333;\">\u2022 \u00a0<i>Una donna senza tempo\u00a0<\/i>&#8211; Galleria Mondadori, Venezia<\/span><\/p>\n<p class=\"p1\" style=\"text-align: right;\"><span style=\"color: #333333;\">\u2022 \u00a0<i>Premio Combat<\/i>\u00a0&#8211; Artisti Finalisti in mostra &#8211; Bottini dell&#8217;Olio, Livorno<\/span><\/p>\n<p class=\"p1\" style=\"text-align: right;\"><span style=\"color: #333333;\">\u2022 \u00a0<i>Premio Arte Laguna\u00a0<\/i>&#8211; Arsenale, Venezia<\/span><\/p>\n<p class=\"p1\" style=\"text-align: right;\"><span style=\"color: #333333;\">\u2022 \u00a0Premio speciale Galleria dell&#8217;Ombra<\/span><\/p>\n<p class=\"p1\" style=\"text-align: right;\"><span style=\"color: #333333;\">\u2022 \u00a0Premio speciale Galleria Gagliardi<\/span><\/p>\n<p class=\"p1\" style=\"text-align: right;\"><span style=\"color: #333333;\">\u2022 \u00a0Premio speciale Istituto di Cultura Italiana<\/span><\/p>\n<p class=\"p1\" style=\"text-align: right;\"><strong><span style=\"color: #333333;\">2009<\/span><\/strong><\/p>\n<p class=\"p1\" style=\"text-align: right;\"><span style=\"color: #333333;\">\u2022 <i>\u00a0Sguardi Multipli<\/i>, Rassegna nazionale di arti visive &#8211; Castello Estense, Ferrara<\/span><\/p>\n<p class=\"p1\" style=\"text-align: right;\"><span style=\"color: #333333;\">\u2022 \u00a0<i>Il secondo libro dei sogni\u00a0<\/i>&#8211; Vie di fuga &#8211; Castel dell&#8217;Ovo, Napoli<\/span><\/p>\n<p class=\"p1\" style=\"text-align: right;\"><span style=\"color: #333333;\">\u2022 \u00a0<i>Aida<\/i>, rassegna d&#8217;arte &#8211; Palazzo dei congressi, Taormina (Me)<\/span><\/p>\n<p class=\"p1\" style=\"text-align: right;\"><span style=\"color: #333333;\">\u2022 \u00a0<i>Premio Laetitia Cerio 2009<\/i>\u00a0&#8211; Centro Caprense I. Cerio, Capri (Na)<\/span><\/p>\n<p class=\"p1\" style=\"text-align: right;\"><span style=\"color: #333333;\">\u2022 <i>\u00a0Start-Up<\/i>, Rassegna internazionale, a cura di R. Ronca, Villa SantIsidoro (Mc)<\/span><\/p>\n<p class=\"p1\" style=\"text-align: right;\"><span style=\"color: #333333;\">\u2022 \u00a0<i>\u00c8 nato prima l&#8217;uovo o la colomba?<\/i> Museum &amp; Fashion Marella Ferrera, Catania<\/span><\/p>\n<p class=\"p1\" style=\"text-align: right;\">[\/et_pb_text][\/et_pb_column][\/et_pb_row][et_pb_row _builder_version=&#8221;4.10.3&#8243; _module_preset=&#8221;default&#8221; global_colors_info=&#8221;{}&#8221;][et_pb_column type=&#8221;4_4&#8243; _builder_version=&#8221;4.10.3&#8243; _module_preset=&#8221;default&#8221; global_colors_info=&#8221;{}&#8221;][\/et_pb_column][\/et_pb_row][et_pb_row _builder_version=&#8221;4.9.10&#8243; _module_preset=&#8221;default&#8221; global_colors_info=&#8221;{}&#8221;][et_pb_column type=&#8221;4_4&#8243; _builder_version=&#8221;4.9.10&#8243; _module_preset=&#8221;default&#8221; global_colors_info=&#8221;{}&#8221;][et_pb_text _builder_version=&#8221;4.10.4&#8243; _module_preset=&#8221;default&#8221; header_2_font=&#8221;Amatic SC||||||||&#8221; header_2_font_size=&#8221;39px&#8221; header_3_font=&#8221;Amatic SC|700|||||||&#8221; header_3_font_size=&#8221;49px&#8221; global_colors_info=&#8221;{}&#8221;]<\/p>\n<h2 style=\"text-align: center;\"><span style=\"color: #333333;\">Publications<\/span><\/h2>\n<p>[\/et_pb_text][\/et_pb_column][\/et_pb_row][\/et_pb_section][et_pb_section fb_built=&#8221;1&#8243; _builder_version=&#8221;4.9.10&#8243; _module_preset=&#8221;default&#8221; custom_padding=&#8221;6px||1px|||&#8221; global_colors_info=&#8221;{}&#8221;][et_pb_row _builder_version=&#8221;4.10.4&#8243; _module_preset=&#8221;default&#8221; global_colors_info=&#8221;{}&#8221;][et_pb_column type=&#8221;4_4&#8243; _builder_version=&#8221;4.9.10&#8243; _module_preset=&#8221;default&#8221; global_colors_info=&#8221;{}&#8221;][dica_divi_carousel show_items_desktop=&#8221;2&#8243; show_items_tablet=&#8221;2&#8243; show_items_mobile=&#8221;2&#8243; transition_duration=&#8221;700&#8243; centermode=&#8221;on&#8221; arrow_nav=&#8221;on&#8221; dot_nav=&#8221;on&#8221; item_spacing=&#8221;21&#8243; advanced_effect=&#8221;coverflow&#8221; coverflow_rotate=&#8221;35&#8243; _builder_version=&#8221;4.14.0&#8243; _module_preset=&#8221;default&#8221; global_colors_info=&#8221;{}&#8221;][dica_divi_carouselitem button_url_new_window=&#8221;1&#8243; image=&#8221;https:\/\/elisaanfuso.com\/it\/wp-content\/uploads\/2025\/01\/book.jpg&#8221; _builder_version=&#8221;4.14.0&#8243; _module_preset=&#8221;default&#8221; global_colors_info=&#8221;{}&#8221;][\/dica_divi_carouselitem][dica_divi_carouselitem button_url_new_window=&#8221;1&#8243; image=&#8221;https:\/\/elisaanfuso.com\/it\/wp-content\/uploads\/2021\/08\/2-Elisa-Anfuso-Pandora.jpg&#8221; _builder_version=&#8221;4.10.2&#8243; _module_preset=&#8221;default&#8221; global_colors_info=&#8221;{}&#8221;][\/dica_divi_carouselitem][dica_divi_carouselitem button_url_new_window=&#8221;1&#8243; image=&#8221;https:\/\/elisaanfuso.com\/it\/wp-content\/uploads\/2021\/08\/1-Elisa-Anfuso-international-mag-1.jpg&#8221; _builder_version=&#8221;4.10.2&#8243; _module_preset=&#8221;default&#8221; global_colors_info=&#8221;{}&#8221;][\/dica_divi_carouselitem][dica_divi_carouselitem button_url_new_window=&#8221;1&#8243; image=&#8221;https:\/\/elisaanfuso.com\/it\/wp-content\/uploads\/2021\/08\/3-Elisa-Anfuso-Pandora-2.jpg&#8221; _builder_version=&#8221;4.10.2&#8243; _module_preset=&#8221;default&#8221; global_colors_info=&#8221;{}&#8221;][\/dica_divi_carouselitem][dica_divi_carouselitem button_url_new_window=&#8221;1&#8243; image=&#8221;https:\/\/elisaanfuso.com\/it\/wp-content\/uploads\/2021\/08\/4-Elisa-Anfuso-the-guide-artist.jpg&#8221; _builder_version=&#8221;4.10.2&#8243; _module_preset=&#8221;default&#8221; global_colors_info=&#8221;{}&#8221;][\/dica_divi_carouselitem][dica_divi_carouselitem button_url_new_window=&#8221;1&#8243; image=&#8221;https:\/\/elisaanfuso.com\/it\/wp-content\/uploads\/2021\/08\/5-Elisa-Anfuso-the-guide-artist-1.jpg&#8221; _builder_version=&#8221;4.10.2&#8243; _module_preset=&#8221;default&#8221; global_colors_info=&#8221;{}&#8221;][\/dica_divi_carouselitem][dica_divi_carouselitem button_url_new_window=&#8221;1&#8243; image=&#8221;https:\/\/elisaanfuso.com\/it\/wp-content\/uploads\/2021\/08\/6-Elisa-Anfuso-the-guide-artist-2.jpg&#8221; _builder_version=&#8221;4.10.2&#8243; _module_preset=&#8221;default&#8221; global_colors_info=&#8221;{}&#8221;][\/dica_divi_carouselitem][dica_divi_carouselitem button_url_new_window=&#8221;1&#8243; image=&#8221;https:\/\/elisaanfuso.com\/it\/wp-content\/uploads\/2021\/08\/8-Elisa-Anfuso-the-guide-artist-4.jpg&#8221; _builder_version=&#8221;4.10.2&#8243; _module_preset=&#8221;default&#8221; global_colors_info=&#8221;{}&#8221;][\/dica_divi_carouselitem][dica_divi_carouselitem button_url_new_window=&#8221;1&#8243; image=&#8221;https:\/\/elisaanfuso.com\/it\/wp-content\/uploads\/2021\/08\/7-Elisa-Anfuso-the-guide-artist-3-a.jpg&#8221; _builder_version=&#8221;4.10.2&#8243; _module_preset=&#8221;default&#8221; global_colors_info=&#8221;{}&#8221;][\/dica_divi_carouselitem][dica_divi_carouselitem button_url_new_window=&#8221;1&#8243; image=&#8221;https:\/\/elisaanfuso.com\/it\/wp-content\/uploads\/2021\/08\/10-Elisa-Anfuso-Neurotransmtter1.jpg&#8221; _builder_version=&#8221;4.10.2&#8243; _module_preset=&#8221;default&#8221; global_colors_info=&#8221;{}&#8221;][\/dica_divi_carouselitem][dica_divi_carouselitem button_url_new_window=&#8221;1&#8243; image=&#8221;https:\/\/elisaanfuso.com\/it\/wp-content\/uploads\/2021\/08\/9-Elisa-Anfuso-Art.jpg&#8221; _builder_version=&#8221;4.10.2&#8243; _module_preset=&#8221;default&#8221; global_colors_info=&#8221;{}&#8221;][\/dica_divi_carouselitem][dica_divi_carouselitem button_url_new_window=&#8221;1&#8243; image=&#8221;https:\/\/elisaanfuso.com\/it\/wp-content\/uploads\/2021\/08\/11-Elisa-Anfuso-Neurotransmtter4.jpg&#8221; _builder_version=&#8221;4.10.2&#8243; _module_preset=&#8221;default&#8221; global_colors_info=&#8221;{}&#8221;][\/dica_divi_carouselitem][dica_divi_carouselitem button_url_new_window=&#8221;1&#8243; image=&#8221;https:\/\/elisaanfuso.com\/it\/wp-content\/uploads\/2021\/08\/13-Elisa-Anfuso-wikam-1.jpg&#8221; _builder_version=&#8221;4.10.2&#8243; _module_preset=&#8221;default&#8221; global_colors_info=&#8221;{}&#8221;][\/dica_divi_carouselitem][dica_divi_carouselitem button_url_new_window=&#8221;1&#8243; image=&#8221;https:\/\/elisaanfuso.com\/it\/wp-content\/uploads\/2021\/08\/13-Elisa-Anfuso-wikam-2.jpg&#8221; _builder_version=&#8221;4.10.2&#8243; _module_preset=&#8221;default&#8221; global_colors_info=&#8221;{}&#8221;][\/dica_divi_carouselitem][dica_divi_carouselitem button_url_new_window=&#8221;1&#8243; image=&#8221;https:\/\/elisaanfuso.com\/it\/wp-content\/uploads\/2021\/08\/14-Elisa-Anfuso-Dumpjekunst.jpg&#8221; _builder_version=&#8221;4.10.2&#8243; _module_preset=&#8221;default&#8221; global_colors_info=&#8221;{}&#8221;][\/dica_divi_carouselitem][dica_divi_carouselitem button_url_new_window=&#8221;1&#8243; image=&#8221;https:\/\/elisaanfuso.com\/it\/wp-content\/uploads\/2021\/08\/17-Elisa-Anfuso-tribe-1.jpg&#8221; _builder_version=&#8221;4.10.2&#8243; _module_preset=&#8221;default&#8221; global_colors_info=&#8221;{}&#8221;][\/dica_divi_carouselitem][dica_divi_carouselitem button_url_new_window=&#8221;1&#8243; image=&#8221;https:\/\/elisaanfuso.com\/it\/wp-content\/uploads\/2021\/08\/17-Elisa-Anfuso-tribe-2.jpg&#8221; _builder_version=&#8221;4.10.2&#8243; _module_preset=&#8221;default&#8221; global_colors_info=&#8221;{}&#8221;][\/dica_divi_carouselitem][\/dica_divi_carousel][\/et_pb_column][\/et_pb_row][\/et_pb_section][et_pb_section fb_built=&#8221;1&#8243; fullwidth=&#8221;on&#8221; _builder_version=&#8221;4.9.10&#8243; _module_preset=&#8221;default&#8221; global_colors_info=&#8221;{}&#8221;][et_pb_fullwidth_image src=&#8221;https:\/\/elisaanfuso.com\/it\/wp-content\/uploads\/2021\/07\/dis3-pag-about.png&#8221; title_text=&#8221;dis3 pag about&#8221; _builder_version=&#8221;4.9.10&#8243; _module_preset=&#8221;default&#8221; global_colors_info=&#8221;{}&#8221;][\/et_pb_fullwidth_image][\/et_pb_section]<\/p>\n","protected":false},"excerpt":{"rendered":"<p>About Me Elisa Anfuso, \u00e8 una pittrice italiana che trascorre la sua vita da artista nel paese delle meraviglie.\u00a0 Elisa ha iniziato il suo percorso artistico in tenera et\u00e0; ha sviluppato la sua creativit\u00e0 sin da bambina, e l\u2019amore per il disegno \u00e8 sempre stato una costante nella sua ricerca. Profondamente affascinata dalla pittura fiamminga [&hellip;]<\/p>\n","protected":false},"author":1,"featured_media":0,"parent":0,"menu_order":0,"comment_status":"closed","ping_status":"closed","template":"","meta":{"_et_pb_use_builder":"on","_et_pb_old_content":"","_et_gb_content_width":"","footnotes":""},"class_list":["post-936","page","type-page","status-publish","hentry"],"yoast_head":"<!-- This site is optimized with the Yoast SEO plugin v24.8 - https:\/\/yoast.com\/wordpress\/plugins\/seo\/ -->\n<title>About Me - Elisa Anfuso<\/title>\n<meta name=\"description\" content=\"Elisa Anfuso, \u00e8 una pittrice italiana che trascorre la sua vita da artista nel paese delle meraviglie. Elisa ha iniziato il suo percorso...\" \/>\n<meta name=\"robots\" content=\"index, follow, max-snippet:-1, max-image-preview:large, max-video-preview:-1\" \/>\n<link rel=\"canonical\" href=\"https:\/\/elisaanfuso.com\/it\/about\/\" \/>\n<meta property=\"og:locale\" content=\"it_IT\" \/>\n<meta property=\"og:type\" content=\"article\" \/>\n<meta property=\"og:title\" content=\"About Me - Elisa Anfuso\" \/>\n<meta property=\"og:description\" content=\"Elisa Anfuso, \u00e8 una pittrice italiana che trascorre la sua vita da artista nel paese delle meraviglie. Elisa ha iniziato il suo percorso...\" \/>\n<meta property=\"og:url\" content=\"https:\/\/elisaanfuso.com\/it\/about\/\" \/>\n<meta property=\"og:site_name\" content=\"Elisa Anfuso\" \/>\n<meta property=\"article:publisher\" content=\"https:\/\/www.facebook.com\/elisa.anfuso.3\" \/>\n<meta property=\"article:modified_time\" content=\"2025-01-30T16:06:27+00:00\" \/>\n<meta name=\"twitter:card\" content=\"summary_large_image\" \/>\n<meta name=\"twitter:label1\" content=\"Tempo di lettura stimato\" \/>\n\t<meta name=\"twitter:data1\" content=\"6 minuti\" \/>\n<script type=\"application\/ld+json\" class=\"yoast-schema-graph\">{\"@context\":\"https:\/\/schema.org\",\"@graph\":[{\"@type\":\"WebPage\",\"@id\":\"https:\/\/elisaanfuso.com\/it\/about\/\",\"url\":\"https:\/\/elisaanfuso.com\/it\/about\/\",\"name\":\"About Me - Elisa Anfuso\",\"isPartOf\":{\"@id\":\"https:\/\/elisaanfuso.com\/it\/#website\"},\"datePublished\":\"2021-08-20T08:58:09+00:00\",\"dateModified\":\"2025-01-30T16:06:27+00:00\",\"description\":\"Elisa Anfuso, \u00e8 una pittrice italiana che trascorre la sua vita da artista nel paese delle meraviglie. Elisa ha iniziato il suo percorso...\",\"breadcrumb\":{\"@id\":\"https:\/\/elisaanfuso.com\/it\/about\/#breadcrumb\"},\"inLanguage\":\"it-IT\",\"potentialAction\":[{\"@type\":\"ReadAction\",\"target\":[\"https:\/\/elisaanfuso.com\/it\/about\/\"]}]},{\"@type\":\"BreadcrumbList\",\"@id\":\"https:\/\/elisaanfuso.com\/it\/about\/#breadcrumb\",\"itemListElement\":[{\"@type\":\"ListItem\",\"position\":1,\"name\":\"Home\",\"item\":\"https:\/\/elisaanfuso.com\/it\/\"},{\"@type\":\"ListItem\",\"position\":2,\"name\":\"About\"}]},{\"@type\":\"WebSite\",\"@id\":\"https:\/\/elisaanfuso.com\/it\/#website\",\"url\":\"https:\/\/elisaanfuso.com\/it\/\",\"name\":\"Elisa Anfuso\",\"description\":\"\",\"publisher\":{\"@id\":\"https:\/\/elisaanfuso.com\/it\/#organization\"},\"potentialAction\":[{\"@type\":\"SearchAction\",\"target\":{\"@type\":\"EntryPoint\",\"urlTemplate\":\"https:\/\/elisaanfuso.com\/it\/?s={search_term_string}\"},\"query-input\":{\"@type\":\"PropertyValueSpecification\",\"valueRequired\":true,\"valueName\":\"search_term_string\"}}],\"inLanguage\":\"it-IT\"},{\"@type\":\"Organization\",\"@id\":\"https:\/\/elisaanfuso.com\/it\/#organization\",\"name\":\"Elisa Anfuso\",\"url\":\"https:\/\/elisaanfuso.com\/it\/\",\"logo\":{\"@type\":\"ImageObject\",\"inLanguage\":\"it-IT\",\"@id\":\"https:\/\/elisaanfuso.com\/it\/#\/schema\/logo\/image\/\",\"url\":\"https:\/\/elisaanfuso.com\/it\/wp-content\/uploads\/2021\/08\/elisa-anfuso.jpg\",\"contentUrl\":\"https:\/\/elisaanfuso.com\/it\/wp-content\/uploads\/2021\/08\/elisa-anfuso.jpg\",\"width\":890,\"height\":492,\"caption\":\"Elisa Anfuso\"},\"image\":{\"@id\":\"https:\/\/elisaanfuso.com\/it\/#\/schema\/logo\/image\/\"},\"sameAs\":[\"https:\/\/www.facebook.com\/elisa.anfuso.3\",\"https:\/\/www.instagram.com\/elisa_anfuso\/\"]}]}<\/script>\n<!-- \/ Yoast SEO plugin. -->","yoast_head_json":{"title":"About Me - Elisa Anfuso","description":"Elisa Anfuso, \u00e8 una pittrice italiana che trascorre la sua vita da artista nel paese delle meraviglie. Elisa ha iniziato il suo percorso...","robots":{"index":"index","follow":"follow","max-snippet":"max-snippet:-1","max-image-preview":"max-image-preview:large","max-video-preview":"max-video-preview:-1"},"canonical":"https:\/\/elisaanfuso.com\/it\/about\/","og_locale":"it_IT","og_type":"article","og_title":"About Me - Elisa Anfuso","og_description":"Elisa Anfuso, \u00e8 una pittrice italiana che trascorre la sua vita da artista nel paese delle meraviglie. Elisa ha iniziato il suo percorso...","og_url":"https:\/\/elisaanfuso.com\/it\/about\/","og_site_name":"Elisa Anfuso","article_publisher":"https:\/\/www.facebook.com\/elisa.anfuso.3","article_modified_time":"2025-01-30T16:06:27+00:00","twitter_card":"summary_large_image","twitter_misc":{"Tempo di lettura stimato":"6 minuti"},"schema":{"@context":"https:\/\/schema.org","@graph":[{"@type":"WebPage","@id":"https:\/\/elisaanfuso.com\/it\/about\/","url":"https:\/\/elisaanfuso.com\/it\/about\/","name":"About Me - Elisa Anfuso","isPartOf":{"@id":"https:\/\/elisaanfuso.com\/it\/#website"},"datePublished":"2021-08-20T08:58:09+00:00","dateModified":"2025-01-30T16:06:27+00:00","description":"Elisa Anfuso, \u00e8 una pittrice italiana che trascorre la sua vita da artista nel paese delle meraviglie. Elisa ha iniziato il suo percorso...","breadcrumb":{"@id":"https:\/\/elisaanfuso.com\/it\/about\/#breadcrumb"},"inLanguage":"it-IT","potentialAction":[{"@type":"ReadAction","target":["https:\/\/elisaanfuso.com\/it\/about\/"]}]},{"@type":"BreadcrumbList","@id":"https:\/\/elisaanfuso.com\/it\/about\/#breadcrumb","itemListElement":[{"@type":"ListItem","position":1,"name":"Home","item":"https:\/\/elisaanfuso.com\/it\/"},{"@type":"ListItem","position":2,"name":"About"}]},{"@type":"WebSite","@id":"https:\/\/elisaanfuso.com\/it\/#website","url":"https:\/\/elisaanfuso.com\/it\/","name":"Elisa Anfuso","description":"","publisher":{"@id":"https:\/\/elisaanfuso.com\/it\/#organization"},"potentialAction":[{"@type":"SearchAction","target":{"@type":"EntryPoint","urlTemplate":"https:\/\/elisaanfuso.com\/it\/?s={search_term_string}"},"query-input":{"@type":"PropertyValueSpecification","valueRequired":true,"valueName":"search_term_string"}}],"inLanguage":"it-IT"},{"@type":"Organization","@id":"https:\/\/elisaanfuso.com\/it\/#organization","name":"Elisa Anfuso","url":"https:\/\/elisaanfuso.com\/it\/","logo":{"@type":"ImageObject","inLanguage":"it-IT","@id":"https:\/\/elisaanfuso.com\/it\/#\/schema\/logo\/image\/","url":"https:\/\/elisaanfuso.com\/it\/wp-content\/uploads\/2021\/08\/elisa-anfuso.jpg","contentUrl":"https:\/\/elisaanfuso.com\/it\/wp-content\/uploads\/2021\/08\/elisa-anfuso.jpg","width":890,"height":492,"caption":"Elisa Anfuso"},"image":{"@id":"https:\/\/elisaanfuso.com\/it\/#\/schema\/logo\/image\/"},"sameAs":["https:\/\/www.facebook.com\/elisa.anfuso.3","https:\/\/www.instagram.com\/elisa_anfuso\/"]}]}},"_links":{"self":[{"href":"https:\/\/elisaanfuso.com\/it\/wp-json\/wp\/v2\/pages\/936","targetHints":{"allow":["GET"]}}],"collection":[{"href":"https:\/\/elisaanfuso.com\/it\/wp-json\/wp\/v2\/pages"}],"about":[{"href":"https:\/\/elisaanfuso.com\/it\/wp-json\/wp\/v2\/types\/page"}],"author":[{"embeddable":true,"href":"https:\/\/elisaanfuso.com\/it\/wp-json\/wp\/v2\/users\/1"}],"replies":[{"embeddable":true,"href":"https:\/\/elisaanfuso.com\/it\/wp-json\/wp\/v2\/comments?post=936"}],"version-history":[{"count":44,"href":"https:\/\/elisaanfuso.com\/it\/wp-json\/wp\/v2\/pages\/936\/revisions"}],"predecessor-version":[{"id":3251,"href":"https:\/\/elisaanfuso.com\/it\/wp-json\/wp\/v2\/pages\/936\/revisions\/3251"}],"wp:attachment":[{"href":"https:\/\/elisaanfuso.com\/it\/wp-json\/wp\/v2\/media?parent=936"}],"curies":[{"name":"wp","href":"https:\/\/api.w.org\/{rel}","templated":true}]}}